{"id":1019,"date":"2016-01-04T03:09:54","date_gmt":"2016-01-04T02:09:54","guid":{"rendered":"http:\/\/wp.feuerwehr-florian.com\/?page_id=1019"},"modified":"2016-01-12T16:54:42","modified_gmt":"2016-01-12T15:54:42","slug":"wissenswertes","status":"publish","type":"page","link":"https:\/\/www.feuerwehr-florian.com\/?page_id=1019","title":{"rendered":"Wissenswertes"},"content":{"rendered":"\n<!-- Page-list plugin v.5.9 wordpress.org\/plugins\/page-list\/ -->\n<div class=\"page-list page-list-ext page-list-cols-2\">\n<div class=\"page-list-ext-item\"><div class=\"page-list-ext-image\"><a href=\"https:\/\/www.feuerwehr-florian.com\/?page_id=2854\" title=\"B\u00fcrgerservice\"><img decoding=\"async\" src=\"https:\/\/www.feuerwehr-florian.com\/wp-content\/uploads\/2016\/01\/DSC_3585-250x250.jpg\" width=\"100\" alt=\"B\u00fcrgerservice\" \/><\/a><\/div> <h3 class=\"page-list-ext-title\"><a href=\"https:\/\/www.feuerwehr-florian.com\/?page_id=2854\" title=\"B\u00fcrgerservice\">B\u00fcrgerservice<\/a><\/h3><div class=\"page-list-ext-item-content\"> Nicht nur der abwehrende Brandschutz, sondern auch viele andere Bereiche (insbesondere der vorbeugende Brandschutz) besch\u00e4ftigen die Mitglieder der Feuerwehr St. Florian. Bei beh\u00f6rdlichen Brandschutzbegehungen wird die Feuerwehr zu Beratungszwecken h...<\/div><\/div>\n<div class=\"page-list-ext-item\"><div class=\"page-list-ext-image\"><a href=\"https:\/\/www.feuerwehr-florian.com\/?page_id=2841\" title=\"F\u00fcr Unternehmer und Planer\"><img decoding=\"async\" src=\"https:\/\/www.feuerwehr-florian.com\/wp-content\/uploads\/2016\/01\/20151003-0131-250x250.jpg\" width=\"100\" alt=\"F\u00fcr Unternehmer und Planer\" \/><\/a><\/div> <h3 class=\"page-list-ext-title\"><a href=\"https:\/\/www.feuerwehr-florian.com\/?page_id=2841\" title=\"F\u00fcr Unternehmer und Planer\">F\u00fcr Unternehmer und Planer<\/a><\/h3><div class=\"page-list-ext-item-content\">\r\n\r\n Der abwehrende Brandschutz stellt einen integralen Bestandteil des Brandschutzes dar und es bestehen diverse Schnittpunkte zum vorbeugenden Brandschutz, weshalb schon beim vorbeugenden Brandschutz die Weichen f\u00fcr eine funktionierende Brandbek\u00e4mpfung g...<\/div><\/div>\n<div class=\"page-list-ext-item\"><div class=\"page-list-ext-image\"><a href=\"https:\/\/www.feuerwehr-florian.com\/?page_id=356\" title=\"Weblinks\"><img decoding=\"async\" src=\"https:\/\/www.feuerwehr-florian.com\/wp-content\/uploads\/2016\/01\/weblinks-3-250x250.jpg\" width=\"100\" alt=\"Weblinks\" \/><\/a><\/div> <h3 class=\"page-list-ext-title\"><a href=\"https:\/\/www.feuerwehr-florian.com\/?page_id=356\" title=\"Weblinks\">Weblinks<\/a><\/h3><div class=\"page-list-ext-item-content\">&nbsp;\r\nFeuerwehren im Bezirk Linz-Land \r\nAbschnitt Enns \r\n\r\n \tFF Asten  \r\n \tFF Bruck-Hausleiten  \r\n \tFF Enns  \r\n \tFF Hargelsberg  \r\n \tFF Hofkirchen  \r\n \tFF Kronstorf  \r\n \tFF Markt St. Florian  \r\n \tFF Niederneukirchen  \r\n \tFF Raffelstetten  \r\n \tFF Rohrbach...<\/div><\/div>\n\n<\/div>\n\n<!-- Page-list plugin v.5.9 wordpress.org\/plugins\/page-list\/ -->\n<ul class=\"page-list siblings-page-list pagelist\">\n<li class=\"page_item page-item-11710\"><a href=\"https:\/\/www.feuerwehr-florian.com\/?page_id=11710\">Eingabe Hochwassermessung<\/a><\/li>\n<li class=\"page_item page-item-12060 page_item_has_children\"><a href=\"https:\/\/www.feuerwehr-florian.com\/?page_id=12060\">Veranstaltungen<\/a><\/li>\n<li class=\"page_item page-item-884 page_item_has_children\"><a href=\"https:\/\/www.feuerwehr-florian.com\/?page_id=884\">Aktivit\u00e4ten<\/a><\/li>\n<li class=\"page_item page-item-973\"><a href=\"https:\/\/www.feuerwehr-florian.com\/?page_id=973\">Kontakt &#038; Anfahrt<\/a><\/li>\n<li class=\"page_item page-item-886 page_item_has_children\"><a href=\"https:\/\/www.feuerwehr-florian.com\/?page_id=886\">Feuerwehr<\/a><\/li>\n<li class=\"page_item page-item-958\"><a href=\"https:\/\/www.feuerwehr-florian.com\/?page_id=958\">Impressum, Offenlegung &#038; Datenschutz<\/a><\/li>\n<li class=\"page_item page-item-888 page_item_has_children\"><a href=\"https:\/\/www.feuerwehr-florian.com\/?page_id=888\">Jugend<\/a><\/li>\n<li class=\"page_item page-item-971\"><a href=\"https:\/\/www.feuerwehr-florian.com\/?page_id=971\">Nutzungsbedingungen<\/a><\/li>\n<li class=\"page_item page-item-1019 page_item_has_children\"><a href=\"https:\/\/www.feuerwehr-florian.com\/?page_id=1019\">Wissenswertes<\/a><\/li>\n<li class=\"page_item page-item-9630\"><a href=\"https:\/\/www.feuerwehr-florian.com\/?page_id=9630\">Sponsoren<\/a><\/li>\n<li class=\"page_item page-item-3804\"><a href=\"https:\/\/www.feuerwehr-florian.com\/?page_id=3804\">Web<\/a><\/li>\n\n<\/ul>\n","protected":false},"excerpt":{"rendered":"<p>B\u00fcrgerservice Nicht nur der abwehrende Brandschutz, sondern auch viele andere Bereiche (insbesondere der vorbeugende Brandschutz) besch\u00e4ftigen die Mitglieder der Feuerwehr St. Florian. Bei beh\u00f6rdlichen Brandschutzbegehungen wird die Feuerwehr zu Beratungszwecken h&#8230; F\u00fcr Unternehmer und Planer Der abwehrende Brandschutz stellt einen integralen Bestandteil des Brandschutzes dar und es bestehen diverse Schnittpunkte zum vorbeugenden Brandschutz, weshalb schon<\/p>\n<p><a class=\"more-link\" href=\"https:\/\/www.feuerwehr-florian.com\/?page_id=1019\">Weiterlesen<\/a><\/p>\n","protected":false},"author":1,"featured_media":0,"parent":0,"menu_order":4,"comment_status":"closed","ping_status":"closed","template":"fullwidth.php","meta":{"footnotes":""},"class_list":["post-1019","page","type-page","status-publish","hentry"],"jetpack_sharing_enabled":true,"jetpack_likes_enabled":true,"_links":{"self":[{"href":"https:\/\/www.feuerwehr-florian.com\/index.php?rest_route=\/wp\/v2\/pages\/1019","targetHints":{"allow":["GET"]}}],"collection":[{"href":"https:\/\/www.feuerwehr-florian.com\/index.php?rest_route=\/wp\/v2\/pages"}],"about":[{"href":"https:\/\/www.feuerwehr-florian.com\/index.php?rest_route=\/wp\/v2\/types\/page"}],"author":[{"embeddable":true,"href":"https:\/\/www.feuerwehr-florian.com\/index.php?rest_route=\/wp\/v2\/users\/1"}],"replies":[{"embeddable":true,"href":"https:\/\/www.feuerwehr-florian.com\/index.php?rest_route=%2Fwp%2Fv2%2Fcomments&post=1019"}],"version-history":[{"count":4,"href":"https:\/\/www.feuerwehr-florian.com\/index.php?rest_route=\/wp\/v2\/pages\/1019\/revisions"}],"predecessor-version":[{"id":4306,"href":"https:\/\/www.feuerwehr-florian.com\/index.php?rest_route=\/wp\/v2\/pages\/1019\/revisions\/4306"}],"wp:attachment":[{"href":"https:\/\/www.feuerwehr-florian.com\/index.php?rest_route=%2Fwp%2Fv2%2Fmedia&parent=1019"}],"curies":[{"name":"wp","href":"https:\/\/api.w.org\/{rel}","templated":true}]}}