{"id":11382,"date":"2023-11-02T22:58:57","date_gmt":"2023-11-02T21:58:57","guid":{"rendered":"https:\/\/www.feuerwehr-florian.com\/?page_id=11382"},"modified":"2025-02-28T07:58:29","modified_gmt":"2025-02-28T06:58:29","slug":"das-kommando","status":"publish","type":"page","link":"https:\/\/www.feuerwehr-florian.com\/?page_id=11382","title":{"rendered":"Das Kommando"},"content":{"rendered":"\n<hr class=\"wp-block-separator has-alpha-channel-opacity\"\/>\n\n\n\n<h3 class=\"wp-block-heading\">Pflichtbereichskommandant<br><mark style=\"background-color:rgba(0, 0, 0, 0)\" class=\"has-inline-color has-black-color\">Abschnittsbrandinspektor Martin Pree<\/mark><\/h3>\n\n\n<div class=\"wp-block-image\">\n<figure class=\"aligncenter size-full is-resized\"><img loading=\"lazy\" decoding=\"async\" width=\"2000\" height=\"2000\" src=\"https:\/\/www.feuerwehr-florian.com\/wp-content\/uploads\/2023\/10\/Pree-Martin.jpg\" alt=\"\" class=\"wp-image-11383\" style=\"width:500px\" srcset=\"https:\/\/www.feuerwehr-florian.com\/wp-content\/uploads\/2023\/10\/Pree-Martin.jpg 2000w, https:\/\/www.feuerwehr-florian.com\/wp-content\/uploads\/2023\/10\/Pree-Martin-1000x1000.jpg 1000w, https:\/\/www.feuerwehr-florian.com\/wp-content\/uploads\/2023\/10\/Pree-Martin-250x250.jpg 250w, https:\/\/www.feuerwehr-florian.com\/wp-content\/uploads\/2023\/10\/Pree-Martin-1536x1536.jpg 1536w\" sizes=\"auto, (max-width: 2000px) 100vw, 2000px\" \/><\/figure>\n<\/div>\n\n\n<hr class=\"wp-block-separator has-alpha-channel-opacity\"\/>\n\n\n\n<h3 class=\"wp-block-heading\">1. Kommandant Stellvertreter<strong><br><\/strong><mark style=\"background-color:rgba(0, 0, 0, 0)\" class=\"has-inline-color has-black-color\">Hauptbrandinspektor Simon Stadler<\/mark><\/h3>\n\n\n<div class=\"wp-block-image\">\n<figure class=\"aligncenter size-full is-resized\"><img loading=\"lazy\" decoding=\"async\" width=\"2000\" height=\"2000\" src=\"https:\/\/www.feuerwehr-florian.com\/wp-content\/uploads\/2023\/10\/Stadler-Simon.jpg\" alt=\"\" class=\"wp-image-11385\" style=\"width:500px\" srcset=\"https:\/\/www.feuerwehr-florian.com\/wp-content\/uploads\/2023\/10\/Stadler-Simon.jpg 2000w, https:\/\/www.feuerwehr-florian.com\/wp-content\/uploads\/2023\/10\/Stadler-Simon-1000x1000.jpg 1000w, https:\/\/www.feuerwehr-florian.com\/wp-content\/uploads\/2023\/10\/Stadler-Simon-250x250.jpg 250w, https:\/\/www.feuerwehr-florian.com\/wp-content\/uploads\/2023\/10\/Stadler-Simon-1536x1536.jpg 1536w\" sizes=\"auto, (max-width: 2000px) 100vw, 2000px\" \/><\/figure>\n<\/div>\n\n\n<hr class=\"wp-block-separator has-alpha-channel-opacity\"\/>\n\n\n\n<h3 class=\"wp-block-heading\">2. Kommandant Stellvertreter<br><mark style=\"background-color:rgba(0, 0, 0, 0)\" class=\"has-inline-color has-black-color\">Oberbrandinspektor Martin Baier<\/mark><\/h3>\n\n\n<div class=\"wp-block-image\">\n<figure class=\"aligncenter size-full is-resized\"><img loading=\"lazy\" decoding=\"async\" width=\"2000\" height=\"2000\" src=\"https:\/\/www.feuerwehr-florian.com\/wp-content\/uploads\/2023\/10\/Baier-Martin.jpg\" alt=\"\" class=\"wp-image-11396\" style=\"width:500px\" srcset=\"https:\/\/www.feuerwehr-florian.com\/wp-content\/uploads\/2023\/10\/Baier-Martin.jpg 2000w, https:\/\/www.feuerwehr-florian.com\/wp-content\/uploads\/2023\/10\/Baier-Martin-1000x1000.jpg 1000w, https:\/\/www.feuerwehr-florian.com\/wp-content\/uploads\/2023\/10\/Baier-Martin-250x250.jpg 250w, https:\/\/www.feuerwehr-florian.com\/wp-content\/uploads\/2023\/10\/Baier-Martin-1536x1536.jpg 1536w\" sizes=\"auto, (max-width: 2000px) 100vw, 2000px\" \/><\/figure>\n<\/div>\n\n\n<hr class=\"wp-block-separator has-alpha-channel-opacity\"\/>\n\n\n\n<h3 class=\"wp-block-heading\">Zugskommandant<br><mark style=\"background-color:rgba(0, 0, 0, 0)\" class=\"has-inline-color has-black-color\">Brandinspektor Michael Reich\u00f6r<\/mark><\/h3>\n\n\n<div class=\"wp-block-image\">\n<figure class=\"aligncenter size-full is-resized\"><img loading=\"lazy\" decoding=\"async\" width=\"2000\" height=\"2000\" src=\"https:\/\/www.feuerwehr-florian.com\/wp-content\/uploads\/2023\/10\/Reichoer-Michael.jpg\" alt=\"\" class=\"wp-image-11398\" style=\"width:500px\" srcset=\"https:\/\/www.feuerwehr-florian.com\/wp-content\/uploads\/2023\/10\/Reichoer-Michael.jpg 2000w, https:\/\/www.feuerwehr-florian.com\/wp-content\/uploads\/2023\/10\/Reichoer-Michael-1000x1000.jpg 1000w, https:\/\/www.feuerwehr-florian.com\/wp-content\/uploads\/2023\/10\/Reichoer-Michael-250x250.jpg 250w, https:\/\/www.feuerwehr-florian.com\/wp-content\/uploads\/2023\/10\/Reichoer-Michael-1536x1536.jpg 1536w\" sizes=\"auto, (max-width: 2000px) 100vw, 2000px\" \/><\/figure>\n<\/div>\n\n\n<hr class=\"wp-block-separator has-alpha-channel-opacity\"\/>\n\n\n\n<h3 class=\"wp-block-heading\">Zugskommandant<br><mark style=\"background-color:rgba(0, 0, 0, 0)\" class=\"has-inline-color has-black-color\">Brandinspektor Clemens Baier<\/mark><\/h3>\n\n\n<div class=\"wp-block-image\">\n<figure class=\"aligncenter size-full is-resized\"><img loading=\"lazy\" decoding=\"async\" width=\"2000\" height=\"2000\" src=\"https:\/\/www.feuerwehr-florian.com\/wp-content\/uploads\/2023\/10\/Baier-Clemens.jpg\" alt=\"\" class=\"wp-image-11395\" style=\"width:500px\" srcset=\"https:\/\/www.feuerwehr-florian.com\/wp-content\/uploads\/2023\/10\/Baier-Clemens.jpg 2000w, https:\/\/www.feuerwehr-florian.com\/wp-content\/uploads\/2023\/10\/Baier-Clemens-1000x1000.jpg 1000w, https:\/\/www.feuerwehr-florian.com\/wp-content\/uploads\/2023\/10\/Baier-Clemens-250x250.jpg 250w, https:\/\/www.feuerwehr-florian.com\/wp-content\/uploads\/2023\/10\/Baier-Clemens-1536x1536.jpg 1536w\" sizes=\"auto, (max-width: 2000px) 100vw, 2000px\" \/><\/figure>\n<\/div>\n\n\n<hr class=\"wp-block-separator has-alpha-channel-opacity\"\/>\n\n\n\n<h3 class=\"wp-block-heading\">Schriftf\u00fchrer<br><mark style=\"background-color:rgba(0, 0, 0, 0)\" class=\"has-inline-color has-black-color\">Brandinspektor des Fachdienstes Alexander Winkler<\/mark><\/h3>\n\n\n<div class=\"wp-block-image\">\n<figure class=\"aligncenter size-full is-resized\"><img loading=\"lazy\" decoding=\"async\" width=\"2000\" height=\"2000\" src=\"https:\/\/www.feuerwehr-florian.com\/wp-content\/uploads\/2023\/11\/Winkler-Alexander.jpg\" alt=\"\" class=\"wp-image-11431\" style=\"width:500px\" srcset=\"https:\/\/www.feuerwehr-florian.com\/wp-content\/uploads\/2023\/11\/Winkler-Alexander.jpg 2000w, https:\/\/www.feuerwehr-florian.com\/wp-content\/uploads\/2023\/11\/Winkler-Alexander-1000x1000.jpg 1000w, https:\/\/www.feuerwehr-florian.com\/wp-content\/uploads\/2023\/11\/Winkler-Alexander-250x250.jpg 250w, https:\/\/www.feuerwehr-florian.com\/wp-content\/uploads\/2023\/11\/Winkler-Alexander-1536x1536.jpg 1536w\" sizes=\"auto, (max-width: 2000px) 100vw, 2000px\" \/><\/figure>\n<\/div>\n\n\n<hr class=\"wp-block-separator has-alpha-channel-opacity\"\/>\n\n\n\n<h3 class=\"wp-block-heading\">Kassier<br><mark style=\"background-color:rgba(0, 0, 0, 0)\" class=\"has-inline-color has-black-color\">Brandinspektor des Fachdienstes Peter Jungwirth<\/mark><\/h3>\n\n\n<div class=\"wp-block-image\">\n<figure class=\"aligncenter size-full is-resized\"><img loading=\"lazy\" decoding=\"async\" width=\"2000\" height=\"2000\" src=\"https:\/\/www.feuerwehr-florian.com\/wp-content\/uploads\/2023\/11\/Jungwirth-Peter.jpg\" alt=\"\" class=\"wp-image-11435\" style=\"width:500px\" srcset=\"https:\/\/www.feuerwehr-florian.com\/wp-content\/uploads\/2023\/11\/Jungwirth-Peter.jpg 2000w, https:\/\/www.feuerwehr-florian.com\/wp-content\/uploads\/2023\/11\/Jungwirth-Peter-1000x1000.jpg 1000w, https:\/\/www.feuerwehr-florian.com\/wp-content\/uploads\/2023\/11\/Jungwirth-Peter-250x250.jpg 250w, https:\/\/www.feuerwehr-florian.com\/wp-content\/uploads\/2023\/11\/Jungwirth-Peter-1536x1536.jpg 1536w\" sizes=\"auto, (max-width: 2000px) 100vw, 2000px\" \/><\/figure>\n<\/div>\n\n\n<hr class=\"wp-block-separator has-alpha-channel-opacity\"\/>\n\n\n\n<h3 class=\"wp-block-heading\">Ger\u00e4tewart<br><mark style=\"background-color:rgba(0, 0, 0, 0)\" class=\"has-inline-color has-black-color\">Brandinspektor des Fachdienstes Philipp Pree<\/mark><\/h3>\n\n\n<div class=\"wp-block-image\">\n<figure class=\"aligncenter size-full is-resized\"><img loading=\"lazy\" decoding=\"async\" width=\"2000\" height=\"2000\" src=\"https:\/\/www.feuerwehr-florian.com\/wp-content\/uploads\/2023\/10\/Pree-Philipp.jpg\" alt=\"\" class=\"wp-image-11397\" style=\"width:500px\" srcset=\"https:\/\/www.feuerwehr-florian.com\/wp-content\/uploads\/2023\/10\/Pree-Philipp.jpg 2000w, https:\/\/www.feuerwehr-florian.com\/wp-content\/uploads\/2023\/10\/Pree-Philipp-1000x1000.jpg 1000w, https:\/\/www.feuerwehr-florian.com\/wp-content\/uploads\/2023\/10\/Pree-Philipp-250x250.jpg 250w, https:\/\/www.feuerwehr-florian.com\/wp-content\/uploads\/2023\/10\/Pree-Philipp-1536x1536.jpg 1536w\" sizes=\"auto, (max-width: 2000px) 100vw, 2000px\" \/><\/figure>\n<\/div>\n\n\n<hr class=\"wp-block-separator has-alpha-channel-opacity\"\/>\n\n\n\n<h3 class=\"wp-block-heading\">Gruppenkommandant<br><mark style=\"background-color:rgba(0, 0, 0, 0)\" class=\"has-inline-color has-black-color\">Hauptbrandmeister Dejan Bosanac<\/mark><\/h3>\n\n\n<div class=\"wp-block-image\">\n<figure class=\"aligncenter size-full is-resized\"><img loading=\"lazy\" decoding=\"async\" width=\"2000\" height=\"2000\" src=\"https:\/\/www.feuerwehr-florian.com\/wp-content\/uploads\/2023\/11\/Bosanac-Dejan.jpg\" alt=\"\" class=\"wp-image-11438\" style=\"width:500px\" srcset=\"https:\/\/www.feuerwehr-florian.com\/wp-content\/uploads\/2023\/11\/Bosanac-Dejan.jpg 2000w, https:\/\/www.feuerwehr-florian.com\/wp-content\/uploads\/2023\/11\/Bosanac-Dejan-1000x1000.jpg 1000w, https:\/\/www.feuerwehr-florian.com\/wp-content\/uploads\/2023\/11\/Bosanac-Dejan-250x250.jpg 250w, https:\/\/www.feuerwehr-florian.com\/wp-content\/uploads\/2023\/11\/Bosanac-Dejan-1536x1536.jpg 1536w\" sizes=\"auto, (max-width: 2000px) 100vw, 2000px\" \/><\/figure>\n<\/div>\n\n\n<hr class=\"wp-block-separator has-alpha-channel-opacity\"\/>\n\n\n\n<h3 class=\"wp-block-heading\">Gruppenkommandant<br><mark style=\"background-color:rgba(0, 0, 0, 0)\" class=\"has-inline-color has-black-color\">Hauptbrandmeister Michael Werner<\/mark><\/h3>\n\n\n<div class=\"wp-block-image\">\n<figure class=\"aligncenter size-full is-resized\"><img loading=\"lazy\" decoding=\"async\" width=\"2000\" height=\"2000\" src=\"https:\/\/www.feuerwehr-florian.com\/wp-content\/uploads\/2023\/11\/Werner-Michael.jpg\" alt=\"\" class=\"wp-image-11439\" style=\"width:500px\" srcset=\"https:\/\/www.feuerwehr-florian.com\/wp-content\/uploads\/2023\/11\/Werner-Michael.jpg 2000w, https:\/\/www.feuerwehr-florian.com\/wp-content\/uploads\/2023\/11\/Werner-Michael-1000x1000.jpg 1000w, https:\/\/www.feuerwehr-florian.com\/wp-content\/uploads\/2023\/11\/Werner-Michael-250x250.jpg 250w, https:\/\/www.feuerwehr-florian.com\/wp-content\/uploads\/2023\/11\/Werner-Michael-1536x1536.jpg 1536w\" sizes=\"auto, (max-width: 2000px) 100vw, 2000px\" \/><\/figure>\n<\/div>\n\n\n<hr class=\"wp-block-separator has-alpha-channel-opacity\"\/>\n\n\n\n<h3 class=\"wp-block-heading\">Gruppenkommandant<br><mark style=\"background-color:rgba(0, 0, 0, 0)\" class=\"has-inline-color has-black-color\">Hauptbrandmeister Wolfgang Weinm\u00fcller<\/mark><\/h3>\n\n\n<div class=\"wp-block-image\">\n<figure class=\"aligncenter size-full is-resized\"><img loading=\"lazy\" decoding=\"async\" width=\"2000\" height=\"2000\" src=\"https:\/\/www.feuerwehr-florian.com\/wp-content\/uploads\/2023\/11\/Weinmueller-Wolfgang.jpg\" alt=\"\" class=\"wp-image-11440\" style=\"width:500px\" srcset=\"https:\/\/www.feuerwehr-florian.com\/wp-content\/uploads\/2023\/11\/Weinmueller-Wolfgang.jpg 2000w, https:\/\/www.feuerwehr-florian.com\/wp-content\/uploads\/2023\/11\/Weinmueller-Wolfgang-1000x1000.jpg 1000w, https:\/\/www.feuerwehr-florian.com\/wp-content\/uploads\/2023\/11\/Weinmueller-Wolfgang-250x250.jpg 250w, https:\/\/www.feuerwehr-florian.com\/wp-content\/uploads\/2023\/11\/Weinmueller-Wolfgang-1536x1536.jpg 1536w\" sizes=\"auto, (max-width: 2000px) 100vw, 2000px\" \/><\/figure>\n<\/div>\n\n\n<hr class=\"wp-block-separator has-alpha-channel-opacity\"\/>\n\n\n\n<h3 class=\"wp-block-heading\">Gruppenkommandant<br><mark style=\"background-color:rgba(0, 0, 0, 0)\" class=\"has-inline-color has-black-color\">Hauptbrandmeister Elias Windtner<\/mark><\/h3>\n\n\n<div class=\"wp-block-image\">\n<figure class=\"aligncenter size-full is-resized\"><img loading=\"lazy\" decoding=\"async\" width=\"2000\" height=\"2000\" src=\"https:\/\/www.feuerwehr-florian.com\/wp-content\/uploads\/2023\/11\/Windtner-Elias.jpg\" alt=\"\" class=\"wp-image-11430\" style=\"width:500px\" srcset=\"https:\/\/www.feuerwehr-florian.com\/wp-content\/uploads\/2023\/11\/Windtner-Elias.jpg 2000w, https:\/\/www.feuerwehr-florian.com\/wp-content\/uploads\/2023\/11\/Windtner-Elias-1000x1000.jpg 1000w, https:\/\/www.feuerwehr-florian.com\/wp-content\/uploads\/2023\/11\/Windtner-Elias-250x250.jpg 250w, https:\/\/www.feuerwehr-florian.com\/wp-content\/uploads\/2023\/11\/Windtner-Elias-1536x1536.jpg 1536w\" sizes=\"auto, (max-width: 2000px) 100vw, 2000px\" \/><\/figure>\n<\/div>\n\n\n<hr class=\"wp-block-separator has-alpha-channel-opacity\"\/>\n\n\n\n<h3 class=\"wp-block-heading\">Gruppenkommandant<br><mark style=\"background-color:rgba(0, 0, 0, 0)\" class=\"has-inline-color has-black-color\">Hauptbrandmeister Felix Federnberger<\/mark><\/h3>\n\n\n<div class=\"wp-block-image\">\n<figure class=\"aligncenter size-full is-resized\"><img loading=\"lazy\" decoding=\"async\" width=\"2000\" height=\"2000\" src=\"https:\/\/www.feuerwehr-florian.com\/wp-content\/uploads\/2023\/11\/Federnberger-Felix.jpg\" alt=\"\" class=\"wp-image-11441\" style=\"width:500px\" srcset=\"https:\/\/www.feuerwehr-florian.com\/wp-content\/uploads\/2023\/11\/Federnberger-Felix.jpg 2000w, https:\/\/www.feuerwehr-florian.com\/wp-content\/uploads\/2023\/11\/Federnberger-Felix-1000x1000.jpg 1000w, https:\/\/www.feuerwehr-florian.com\/wp-content\/uploads\/2023\/11\/Federnberger-Felix-250x250.jpg 250w, https:\/\/www.feuerwehr-florian.com\/wp-content\/uploads\/2023\/11\/Federnberger-Felix-1536x1536.jpg 1536w\" sizes=\"auto, (max-width: 2000px) 100vw, 2000px\" \/><\/figure>\n<\/div>\n\n\n<hr class=\"wp-block-separator has-alpha-channel-opacity\"\/>\n\n\n\n<h3 class=\"wp-block-heading\">Gruppenkommandant<br><mark style=\"background-color:rgba(0, 0, 0, 0)\" class=\"has-inline-color has-black-color\">Hauptbrandmeister Dominic Winkler<\/mark><\/h3>\n\n\n<div class=\"wp-block-image\">\n<figure class=\"aligncenter size-full is-resized\"><img loading=\"lazy\" decoding=\"async\" width=\"2000\" height=\"2000\" src=\"https:\/\/www.feuerwehr-florian.com\/wp-content\/uploads\/2023\/11\/Winkler-Dominic.jpg\" alt=\"\" class=\"wp-image-11432\" style=\"width:500px\" srcset=\"https:\/\/www.feuerwehr-florian.com\/wp-content\/uploads\/2023\/11\/Winkler-Dominic.jpg 2000w, https:\/\/www.feuerwehr-florian.com\/wp-content\/uploads\/2023\/11\/Winkler-Dominic-1000x1000.jpg 1000w, https:\/\/www.feuerwehr-florian.com\/wp-content\/uploads\/2023\/11\/Winkler-Dominic-250x250.jpg 250w, https:\/\/www.feuerwehr-florian.com\/wp-content\/uploads\/2023\/11\/Winkler-Dominic-1536x1536.jpg 1536w\" sizes=\"auto, (max-width: 2000px) 100vw, 2000px\" \/><\/figure>\n<\/div>\n\n\n<hr class=\"wp-block-separator has-alpha-channel-opacity\"\/>\n\n\n\n<h3 class=\"wp-block-heading\">Fachbeauftragter Atemschutz<br><mark style=\"background-color:rgba(0, 0, 0, 0)\" class=\"has-inline-color has-black-color\">Hauptbrandmeister des Fachdienstes Andreas Standhartinger<\/mark><\/h3>\n\n\n<div class=\"wp-block-image\">\n<figure class=\"aligncenter size-full is-resized\"><img loading=\"lazy\" decoding=\"async\" width=\"2000\" height=\"2000\" src=\"https:\/\/www.feuerwehr-florian.com\/wp-content\/uploads\/2023\/11\/Standhartinger-Andreas.jpg\" alt=\"\" class=\"wp-image-11442\" style=\"width:500px\" srcset=\"https:\/\/www.feuerwehr-florian.com\/wp-content\/uploads\/2023\/11\/Standhartinger-Andreas.jpg 2000w, https:\/\/www.feuerwehr-florian.com\/wp-content\/uploads\/2023\/11\/Standhartinger-Andreas-1000x1000.jpg 1000w, https:\/\/www.feuerwehr-florian.com\/wp-content\/uploads\/2023\/11\/Standhartinger-Andreas-250x250.jpg 250w, https:\/\/www.feuerwehr-florian.com\/wp-content\/uploads\/2023\/11\/Standhartinger-Andreas-1536x1536.jpg 1536w\" sizes=\"auto, (max-width: 2000px) 100vw, 2000px\" \/><\/figure>\n<\/div>\n\n\n<hr class=\"wp-block-separator has-alpha-channel-opacity\"\/>\n\n\n\n<h3 class=\"wp-block-heading\">Fachbeauftragter Ger\u00e4te &amp; Wartung<br><mark style=\"background-color:rgba(0, 0, 0, 0)\" class=\"has-inline-color has-black-color\">Hauptbrandmeister des Fachdienstes Mario Hoffelner<\/mark><\/h3>\n\n\n<div class=\"wp-block-image\">\n<figure class=\"aligncenter size-full is-resized\"><img loading=\"lazy\" decoding=\"async\" width=\"2000\" height=\"2000\" src=\"https:\/\/www.feuerwehr-florian.com\/wp-content\/uploads\/2023\/11\/Hoffelner-Mario-1.jpg\" alt=\"\" class=\"wp-image-11443\" style=\"width:500px\" srcset=\"https:\/\/www.feuerwehr-florian.com\/wp-content\/uploads\/2023\/11\/Hoffelner-Mario-1.jpg 2000w, https:\/\/www.feuerwehr-florian.com\/wp-content\/uploads\/2023\/11\/Hoffelner-Mario-1-1000x1000.jpg 1000w, https:\/\/www.feuerwehr-florian.com\/wp-content\/uploads\/2023\/11\/Hoffelner-Mario-1-250x250.jpg 250w, https:\/\/www.feuerwehr-florian.com\/wp-content\/uploads\/2023\/11\/Hoffelner-Mario-1-1536x1536.jpg 1536w\" sizes=\"auto, (max-width: 2000px) 100vw, 2000px\" \/><\/figure>\n<\/div>\n\n\n<hr class=\"wp-block-separator has-alpha-channel-opacity\"\/>\n\n\n\n<h3 class=\"wp-block-heading\">Fachbeauftragter Ger\u00e4te und Wartung<br><mark style=\"background-color:rgba(0, 0, 0, 0)\" class=\"has-inline-color has-black-color\">Hauptbrandmeister des Fachdienstes Florian Hochradner<\/mark><\/h3>\n\n\n<div class=\"wp-block-image\">\n<figure class=\"aligncenter size-full is-resized\"><img loading=\"lazy\" decoding=\"async\" width=\"2000\" height=\"2000\" src=\"https:\/\/www.feuerwehr-florian.com\/wp-content\/uploads\/2023\/11\/Hochradner-Florian-1.jpg\" alt=\"\" class=\"wp-image-11444\" style=\"width:500px\" srcset=\"https:\/\/www.feuerwehr-florian.com\/wp-content\/uploads\/2023\/11\/Hochradner-Florian-1.jpg 2000w, https:\/\/www.feuerwehr-florian.com\/wp-content\/uploads\/2023\/11\/Hochradner-Florian-1-1000x1000.jpg 1000w, https:\/\/www.feuerwehr-florian.com\/wp-content\/uploads\/2023\/11\/Hochradner-Florian-1-250x250.jpg 250w, https:\/\/www.feuerwehr-florian.com\/wp-content\/uploads\/2023\/11\/Hochradner-Florian-1-1536x1536.jpg 1536w\" sizes=\"auto, (max-width: 2000px) 100vw, 2000px\" \/><\/figure>\n<\/div>\n\n\n<hr class=\"wp-block-separator has-alpha-channel-opacity\"\/>\n\n\n\n<h3 class=\"wp-block-heading\">Fachbeauftragter Schriftverkehr und Organisation<br><mark style=\"background-color:rgba(0, 0, 0, 0)\" class=\"has-inline-color has-black-color\">Hauptbrandmeister des Fachdienstes Joachim Mei\u00dfl<\/mark><\/h3>\n\n\n<div class=\"wp-block-image\">\n<figure class=\"aligncenter size-full is-resized\"><img loading=\"lazy\" decoding=\"async\" width=\"2000\" height=\"2000\" src=\"https:\/\/www.feuerwehr-florian.com\/wp-content\/uploads\/2023\/11\/Meissl-Joachim.jpg\" alt=\"\" class=\"wp-image-11437\" style=\"width:500px\" srcset=\"https:\/\/www.feuerwehr-florian.com\/wp-content\/uploads\/2023\/11\/Meissl-Joachim.jpg 2000w, https:\/\/www.feuerwehr-florian.com\/wp-content\/uploads\/2023\/11\/Meissl-Joachim-1000x1000.jpg 1000w, https:\/\/www.feuerwehr-florian.com\/wp-content\/uploads\/2023\/11\/Meissl-Joachim-250x250.jpg 250w, https:\/\/www.feuerwehr-florian.com\/wp-content\/uploads\/2023\/11\/Meissl-Joachim-1536x1536.jpg 1536w\" sizes=\"auto, (max-width: 2000px) 100vw, 2000px\" \/><\/figure>\n<\/div>\n\n\n<hr class=\"wp-block-separator has-alpha-channel-opacity\"\/>\n\n\n\n<h3 class=\"wp-block-heading\">Fachbeauftragte Feuerwehrjugend<br><mark style=\"background-color:rgba(0, 0, 0, 0)\" class=\"has-inline-color has-black-color\">Hauptbrandmeister des Fachdienstes Lena H\u00f6ll<\/mark><\/h3>\n\n\n<div class=\"wp-block-image\">\n<figure class=\"aligncenter size-full is-resized\"><img loading=\"lazy\" decoding=\"async\" width=\"2048\" height=\"2048\" src=\"https:\/\/www.feuerwehr-florian.com\/wp-content\/uploads\/2025\/02\/Hoell-Lena.jpg\" alt=\"\" class=\"wp-image-12358\" style=\"width:500px\" srcset=\"https:\/\/www.feuerwehr-florian.com\/wp-content\/uploads\/2025\/02\/Hoell-Lena.jpg 2048w, https:\/\/www.feuerwehr-florian.com\/wp-content\/uploads\/2025\/02\/Hoell-Lena-1000x1000.jpg 1000w, https:\/\/www.feuerwehr-florian.com\/wp-content\/uploads\/2025\/02\/Hoell-Lena-2000x2000.jpg 2000w, https:\/\/www.feuerwehr-florian.com\/wp-content\/uploads\/2025\/02\/Hoell-Lena-250x250.jpg 250w, https:\/\/www.feuerwehr-florian.com\/wp-content\/uploads\/2025\/02\/Hoell-Lena-1536x1536.jpg 1536w\" sizes=\"auto, (max-width: 2048px) 100vw, 2048px\" \/><\/figure>\n<\/div>","protected":false},"excerpt":{"rendered":"<p>PflichtbereichskommandantAbschnittsbrandinspektor Martin Pree 1. Kommandant StellvertreterHauptbrandinspektor Simon Stadler 2. Kommandant StellvertreterOberbrandinspektor Martin Baier ZugskommandantBrandinspektor Michael Reich\u00f6r ZugskommandantBrandinspektor Clemens Baier Schriftf\u00fchrerBrandinspektor des Fachdienstes Alexander Winkler KassierBrandinspektor des Fachdienstes Peter Jungwirth Ger\u00e4tewartBrandinspektor des Fachdienstes Philipp Pree GruppenkommandantHauptbrandmeister Dejan Bosanac GruppenkommandantHauptbrandmeister Michael Werner GruppenkommandantHauptbrandmeister Wolfgang Weinm\u00fcller GruppenkommandantHauptbrandmeister Elias Windtner GruppenkommandantHauptbrandmeister Felix Federnberger GruppenkommandantHauptbrandmeister Dominic Winkler Fachbeauftragter AtemschutzHauptbrandmeister des<\/p>\n<p><a class=\"more-link\" href=\"https:\/\/www.feuerwehr-florian.com\/?page_id=11382\">Weiterlesen<\/a><\/p>\n","protected":false},"author":86,"featured_media":0,"parent":2328,"menu_order":1,"comment_status":"closed","ping_status":"closed","template":"","meta":{"footnotes":""},"class_list":["post-11382","page","type-page","status-publish","hentry"],"jetpack_sharing_enabled":true,"jetpack_likes_enabled":true,"_links":{"self":[{"href":"https:\/\/www.feuerwehr-florian.com\/index.php?rest_route=\/wp\/v2\/pages\/11382","targetHints":{"allow":["GET"]}}],"collection":[{"href":"https:\/\/www.feuerwehr-florian.com\/index.php?rest_route=\/wp\/v2\/pages"}],"about":[{"href":"https:\/\/www.feuerwehr-florian.com\/index.php?rest_route=\/wp\/v2\/types\/page"}],"author":[{"embeddable":true,"href":"https:\/\/www.feuerwehr-florian.com\/index.php?rest_route=\/wp\/v2\/users\/86"}],"replies":[{"embeddable":true,"href":"https:\/\/www.feuerwehr-florian.com\/index.php?rest_route=%2Fwp%2Fv2%2Fcomments&post=11382"}],"version-history":[{"count":38,"href":"https:\/\/www.feuerwehr-florian.com\/index.php?rest_route=\/wp\/v2\/pages\/11382\/revisions"}],"predecessor-version":[{"id":12361,"href":"https:\/\/www.feuerwehr-florian.com\/index.php?rest_route=\/wp\/v2\/pages\/11382\/revisions\/12361"}],"up":[{"embeddable":true,"href":"https:\/\/www.feuerwehr-florian.com\/index.php?rest_route=\/wp\/v2\/pages\/2328"}],"wp:attachment":[{"href":"https:\/\/www.feuerwehr-florian.com\/index.php?rest_route=%2Fwp%2Fv2%2Fmedia&parent=11382"}],"curies":[{"name":"wp","href":"https:\/\/api.w.org\/{rel}","templated":true}]}}