{"id":12200,"date":"2025-01-04T21:29:55","date_gmt":"2025-01-04T20:29:55","guid":{"rendered":"https:\/\/www.feuerwehr-florian.com\/?page_id=12200"},"modified":"2025-01-04T21:36:51","modified_gmt":"2025-01-04T20:36:51","slug":"einsaetze-2025","status":"publish","type":"page","link":"https:\/\/www.feuerwehr-florian.com\/?page_id=12200","title":{"rendered":"Eins\u00e4tze 2025"},"content":{"rendered":"\n<p>Eine Auflistung aller Eins\u00e4tze aus dem Jahr 2025.<\/p>\n\n\n<!--W4PL_List_12211-->\n<div id=\"w4pl-list-12211\" class=\"w4pl\">\n\t<div id=\"w4pl-inner-12211\" class=\"w4pl-inner\">\n\t\t<ul>\r\n<li><a href=\"https:\/\/www.feuerwehr-florian.com\/?p=12790\">20.12.2025<\/a> | <a href=\"https:\/\/www.feuerwehr-florian.com\/?p=12790\">T\u00fcr\u00f6ffnung mit Unfallverdacht<\/a><\/li>\r\n\r\n<li><a href=\"https:\/\/www.feuerwehr-florian.com\/?p=12786\">11.12.2025<\/a> | <a href=\"https:\/\/www.feuerwehr-florian.com\/?p=12786\">\u00d6lspur auf der Ipflandesstra\u00dfe und Wolferner Landesstra\u00dfe<\/a><\/li>\r\n\r\n<li><a href=\"https:\/\/www.feuerwehr-florian.com\/?p=12774\">04.11.2025<\/a> | <a href=\"https:\/\/www.feuerwehr-florian.com\/?p=12774\">Erneuter Brandmeldealarm im Gewerbegebiet<\/a><\/li>\r\n\r\n<li><a href=\"https:\/\/www.feuerwehr-florian.com\/?p=12771\">03.11.2025<\/a> | <a href=\"https:\/\/www.feuerwehr-florian.com\/?p=12771\">Brandmeldealarm im Gewerbegebiet<\/a><\/li>\r\n\r\n<li><a href=\"https:\/\/www.feuerwehr-florian.com\/?p=12763\">27.10.2025<\/a> | <a href=\"https:\/\/www.feuerwehr-florian.com\/?p=12763\">Fahrzeugbergung &#8211; Auto drohte \u00fcber B\u00f6schung gegen Haus zu rutschen<\/a><\/li>\r\n\r\n<li><a href=\"https:\/\/www.feuerwehr-florian.com\/?p=12745\">22.10.2025<\/a> | <a href=\"https:\/\/www.feuerwehr-florian.com\/?p=12745\">Brandmeldealarm<\/a><\/li>\r\n\r\n<li><a href=\"https:\/\/www.feuerwehr-florian.com\/?p=12733\">21.10.2025<\/a> | <a href=\"https:\/\/www.feuerwehr-florian.com\/?p=12733\">Verkehrsunfall mit eingeklemmter Person<\/a><\/li>\r\n\r\n<li><a href=\"https:\/\/www.feuerwehr-florian.com\/?p=12709\">05.10.2025<\/a> | <a href=\"https:\/\/www.feuerwehr-florian.com\/?p=12709\">Vermeintlicher Fahrzeugbrand<\/a><\/li>\r\n\r\n<li><a href=\"https:\/\/www.feuerwehr-florian.com\/?p=12706\">29.09.2025<\/a> | <a href=\"https:\/\/www.feuerwehr-florian.com\/?p=12706\">Brandmeldealarm im Gewerbegebiet<\/a><\/li>\r\n\r\n<li><a href=\"https:\/\/www.feuerwehr-florian.com\/?p=12670\">28.09.2025<\/a> | <a href=\"https:\/\/www.feuerwehr-florian.com\/?p=12670\">Alarmierung zu vermeintlichem Fahrzeugbrand<\/a><\/li>\r\n\r\n<li><a href=\"https:\/\/www.feuerwehr-florian.com\/?p=12664\">11.08.2025<\/a> | <a href=\"https:\/\/www.feuerwehr-florian.com\/?p=12664\">Fahrzeugbergung in der Ziegeleistra\u00dfe<\/a><\/li>\r\n\r\n<li><a href=\"https:\/\/www.feuerwehr-florian.com\/?p=12661\">09.08.2025<\/a> | <a href=\"https:\/\/www.feuerwehr-florian.com\/?p=12661\">Fahrzeugbrand auf der A1<\/a><\/li>\r\n\r\n<li><a href=\"https:\/\/www.feuerwehr-florian.com\/?p=12655\">02.08.2025<\/a> | <a href=\"https:\/\/www.feuerwehr-florian.com\/?p=12655\">Fahrzeugbergung am Marktplatz<\/a><\/li>\r\n\r\n<li><a href=\"https:\/\/www.feuerwehr-florian.com\/?p=12651\">27.07.2025<\/a> | <a href=\"https:\/\/www.feuerwehr-florian.com\/?p=12651\">Wasserrohrbruch auf Fahrbahn<\/a><\/li>\r\n\r\n<li><a href=\"https:\/\/www.feuerwehr-florian.com\/?p=12647\">21.07.2025<\/a> | <a href=\"https:\/\/www.feuerwehr-florian.com\/?p=12647\">Fahrzeugbergung in Fernbach<\/a><\/li>\r\n\r\n<li><a href=\"https:\/\/www.feuerwehr-florian.com\/?p=12631\">06.07.2025<\/a> | <a href=\"https:\/\/www.feuerwehr-florian.com\/?p=12631\">Brandmeldealarm in Tischlereibetrieb<\/a><\/li>\r\n\r\n<li><a href=\"https:\/\/www.feuerwehr-florian.com\/?p=12628\">04.07.2025<\/a> | <a href=\"https:\/\/www.feuerwehr-florian.com\/?p=12628\">dringende T\u00fcr\u00f6ffnung<\/a><\/li>\r\n\r\n<li><a href=\"https:\/\/www.feuerwehr-florian.com\/?p=12626\">04.07.2025<\/a> | <a href=\"https:\/\/www.feuerwehr-florian.com\/?p=12626\">Einsatz w\u00e4hrend des Kindergartenbesuchs: Brand auf einem Feld<\/a><\/li>\r\n\r\n<li><a href=\"https:\/\/www.feuerwehr-florian.com\/?p=12623\">28.06.2025<\/a> | <a href=\"https:\/\/www.feuerwehr-florian.com\/?p=12623\">Brandmeldealarm in Tischlereibetrieb<\/a><\/li>\r\n\r\n<li><a href=\"https:\/\/www.feuerwehr-florian.com\/?p=12615\">23.06.2025<\/a> | <a href=\"https:\/\/www.feuerwehr-florian.com\/?p=12615\">Reisebus auf Autobahn A1 verunfallt<\/a><\/li>\r\n\r\n<li><a href=\"https:\/\/www.feuerwehr-florian.com\/?p=12602\">03.06.2025<\/a> | <a href=\"https:\/\/www.feuerwehr-florian.com\/?p=12602\">Verkehrsunfall mit eingeklemmter Person<\/a><\/li>\r\n\r\n<li><a href=\"https:\/\/www.feuerwehr-florian.com\/?p=12598\">03.06.2025<\/a> | <a href=\"https:\/\/www.feuerwehr-florian.com\/?p=12598\">\u00d6lspur nach Defekt an Hydraulikleitung<\/a><\/li>\r\n\r\n<li><a href=\"https:\/\/www.feuerwehr-florian.com\/?p=12593\">22.05.2025<\/a> | <a href=\"https:\/\/www.feuerwehr-florian.com\/?p=12593\">Dieselaustritt durch aufgerissenen LKW-Tank<\/a><\/li>\r\n\r\n<li><a href=\"https:\/\/www.feuerwehr-florian.com\/?p=12566\">06.05.2025<\/a> | <a href=\"https:\/\/www.feuerwehr-florian.com\/?p=12566\">Brandeinsatz in einem Gewerbebetrieb<\/a><\/li>\r\n\r\n<li><a href=\"https:\/\/www.feuerwehr-florian.com\/?p=12517\">02.05.2025<\/a> | <a href=\"https:\/\/www.feuerwehr-florian.com\/?p=12517\">zwei Eins\u00e4tze am Staatsfeiertag<\/a><\/li>\r\n\r\n<li><a href=\"https:\/\/www.feuerwehr-florian.com\/?p=12491\">27.04.2025<\/a> | <a href=\"https:\/\/www.feuerwehr-florian.com\/?p=12491\">\u00d6lspur in der Stiftstra\u00dfe<\/a><\/li>\r\n\r\n<li><a href=\"https:\/\/www.feuerwehr-florian.com\/?p=12449\">03.04.2025<\/a> | <a href=\"https:\/\/www.feuerwehr-florian.com\/?p=12449\">Erneuter Verkehrsunfall auf der Autobahn A1<\/a><\/li>\r\n\r\n<li><a href=\"https:\/\/www.feuerwehr-florian.com\/?p=12445\">03.04.2025<\/a> | <a href=\"https:\/\/www.feuerwehr-florian.com\/?p=12445\">Verkehrsunfall auf der Autobahn A1<\/a><\/li>\r\n\r\n<li><a href=\"https:\/\/www.feuerwehr-florian.com\/?p=12436\">01.04.2025<\/a> | <a href=\"https:\/\/www.feuerwehr-florian.com\/?p=12436\">Lokale \u00dcberflutungen nach Niederschl\u00e4gen<\/a><\/li>\r\n\r\n<li><a href=\"https:\/\/www.feuerwehr-florian.com\/?p=12430\">31.03.2025<\/a> | <a href=\"https:\/\/www.feuerwehr-florian.com\/?p=12430\">\u00d6laustritt im Astenfeld<\/a><\/li>\r\n\r\n<li><a href=\"https:\/\/www.feuerwehr-florian.com\/?p=12427\">26.03.2025<\/a> | <a href=\"https:\/\/www.feuerwehr-florian.com\/?p=12427\">\u00d6lspur in Niederfraunleiten<\/a><\/li>\r\n\r\n<li><a href=\"https:\/\/www.feuerwehr-florian.com\/?p=12425\">25.03.2025<\/a> | <a href=\"https:\/\/www.feuerwehr-florian.com\/?p=12425\">Aufr\u00e4umarbeiten nach Verkehrsunfall auf der A1<\/a><\/li>\r\n\r\n<li><a href=\"https:\/\/www.feuerwehr-florian.com\/?p=12397\">05.03.2025<\/a> | <a href=\"https:\/\/www.feuerwehr-florian.com\/?p=12397\">Dieselaustritt am Ipfbach<\/a><\/li>\r\n\r\n<li><a href=\"https:\/\/www.feuerwehr-florian.com\/?p=12389\">05.03.2025<\/a> | <a href=\"https:\/\/www.feuerwehr-florian.com\/?p=12389\">T\u00f6dlicher Verkehrsunfall auf der Wolfener Stra\u00dfe<\/a><\/li>\r\n\r\n<li><a href=\"https:\/\/www.feuerwehr-florian.com\/?p=12352\">21.02.2025<\/a> | <a href=\"https:\/\/www.feuerwehr-florian.com\/?p=12352\">vermeintlicher Fahrzeugbrand auf der Autobahn A1<\/a><\/li>\r\n\r\n<li><a href=\"https:\/\/www.feuerwehr-florian.com\/?p=12341\">13.02.2025<\/a> | <a href=\"https:\/\/www.feuerwehr-florian.com\/?p=12341\">Waldbrand in Fernbach<\/a><\/li>\r\n\r\n<li><a href=\"https:\/\/www.feuerwehr-florian.com\/?p=12338\">12.02.2025<\/a> | <a href=\"https:\/\/www.feuerwehr-florian.com\/?p=12338\">\u00d6lspur im Astenfeld<\/a><\/li>\r\n\r\n<li><a href=\"https:\/\/www.feuerwehr-florian.com\/?p=12305\">02.02.2025<\/a> | <a href=\"https:\/\/www.feuerwehr-florian.com\/?p=12305\">Brand eines Komposthaufens in Taunleiten<\/a><\/li>\r\n\r\n<li><a href=\"https:\/\/www.feuerwehr-florian.com\/?p=12294\">30.01.2025<\/a> | <a href=\"https:\/\/www.feuerwehr-florian.com\/?p=12294\">Aufr\u00e4umarbeiten nach Verkehrsunfall<\/a><\/li>\r\n\r\n<li><a href=\"https:\/\/www.feuerwehr-florian.com\/?p=12302\">30.01.2025<\/a> | <a href=\"https:\/\/www.feuerwehr-florian.com\/?p=12302\">Fahrzeugbergung in Weilling<\/a><\/li>\r\n\r\n<li><a href=\"https:\/\/www.feuerwehr-florian.com\/?p=12268\">22.01.2025<\/a> | <a href=\"https:\/\/www.feuerwehr-florian.com\/?p=12268\">LKW-Brand auf der A1<\/a><\/li>\r\n\r\n<li><a href=\"https:\/\/www.feuerwehr-florian.com\/?p=12261\">16.01.2025<\/a> | <a href=\"https:\/\/www.feuerwehr-florian.com\/?p=12261\">Zwei Eins\u00e4tze zur gleichen Zeit<\/a><\/li>\r\n\r\n<li><a href=\"https:\/\/www.feuerwehr-florian.com\/?p=12250\">14.01.2025<\/a> | <a href=\"https:\/\/www.feuerwehr-florian.com\/?p=12250\">Personenrettung nach LKW Unfall auf A1 Fahrtrichtung Wien<\/a><\/li>\r\n\r\n<li><a href=\"https:\/\/www.feuerwehr-florian.com\/?p=12244\">12.01.2025<\/a> | <a href=\"https:\/\/www.feuerwehr-florian.com\/?p=12244\">Baum drohte auf Stra\u00dfe zu st\u00fcrzen<\/a><\/li>\r\n\r\n<li><a href=\"https:\/\/www.feuerwehr-florian.com\/?p=12240\">09.01.2025<\/a> | <a href=\"https:\/\/www.feuerwehr-florian.com\/?p=12240\">Brandmeldealarm im Gewerbegebiet<\/a><\/li>\r\n\r\n<li><a href=\"https:\/\/www.feuerwehr-florian.com\/?p=12192\">03.01.2025<\/a> | <a href=\"https:\/\/www.feuerwehr-florian.com\/?p=12192\">\u00d6lspur im Ortsgebiet<\/a><\/li>\r\n\r\n<li><a href=\"https:\/\/www.feuerwehr-florian.com\/?p=12186\">02.01.2025<\/a> | <a href=\"https:\/\/www.feuerwehr-florian.com\/?p=12186\">Brandmeldealarm im Gewerbegebiet<\/a><\/li>\r\n<\/ul>\n\t<\/div><!--#w4pl-inner-12211-->\n<\/div><!--#w4pl-12211-->\n<!--END_W4PL_List_12211-->\n\n\n\n\n<!-- Page-list plugin v.5.9 wordpress.org\/plugins\/page-list\/ -->\n<ul class=\"page-list siblings-page-list pagelist\">\n<li class=\"page_item page-item-11710\"><a href=\"https:\/\/www.feuerwehr-florian.com\/?page_id=11710\">Eingabe Hochwassermessung<\/a><\/li>\n<li class=\"page_item page-item-12060 page_item_has_children\"><a href=\"https:\/\/www.feuerwehr-florian.com\/?page_id=12060\">Veranstaltungen<\/a><\/li>\n<li class=\"page_item page-item-884 page_item_has_children\"><a href=\"https:\/\/www.feuerwehr-florian.com\/?page_id=884\">Aktivit\u00e4ten<\/a><\/li>\n<li class=\"page_item page-item-973\"><a href=\"https:\/\/www.feuerwehr-florian.com\/?page_id=973\">Kontakt &#038; Anfahrt<\/a><\/li>\n<li class=\"page_item page-item-886 page_item_has_children\"><a href=\"https:\/\/www.feuerwehr-florian.com\/?page_id=886\">Feuerwehr<\/a><\/li>\n<li class=\"page_item page-item-958\"><a href=\"https:\/\/www.feuerwehr-florian.com\/?page_id=958\">Impressum, Offenlegung &#038; Datenschutz<\/a><\/li>\n<li class=\"page_item page-item-888 page_item_has_children\"><a href=\"https:\/\/www.feuerwehr-florian.com\/?page_id=888\">Jugend<\/a><\/li>\n<li class=\"page_item page-item-971\"><a href=\"https:\/\/www.feuerwehr-florian.com\/?page_id=971\">Nutzungsbedingungen<\/a><\/li>\n<li class=\"page_item page-item-1019 page_item_has_children\"><a href=\"https:\/\/www.feuerwehr-florian.com\/?page_id=1019\">Wissenswertes<\/a><\/li>\n<li class=\"page_item page-item-9630\"><a href=\"https:\/\/www.feuerwehr-florian.com\/?page_id=9630\">Sponsoren<\/a><\/li>\n<li class=\"page_item page-item-3804\"><a href=\"https:\/\/www.feuerwehr-florian.com\/?page_id=3804\">Web<\/a><\/li>\n\n<\/ul>\n","protected":false},"excerpt":{"rendered":"<p>In den Abendstunden des 1. J\u00e4nner wurde die FF St. Florian gemeinsam mit der FF Bruck-Hausleiten zu einem Brandmeldealarm in das Gewerbegebiet in Samesleiten alarmiert.<\/p>\n","protected":false},"author":86,"featured_media":12193,"parent":3934,"menu_order":91,"comment_status":"closed","ping_status":"closed","template":"","meta":{"footnotes":""},"class_list":["post-12200","page","type-page","status-publish","has-post-thumbnail","hentry"],"jetpack_sharing_enabled":true,"jetpack_likes_enabled":true,"_links":{"self":[{"href":"https:\/\/www.feuerwehr-florian.com\/index.php?rest_route=\/wp\/v2\/pages\/12200","targetHints":{"allow":["GET"]}}],"collection":[{"href":"https:\/\/www.feuerwehr-florian.com\/index.php?rest_route=\/wp\/v2\/pages"}],"about":[{"href":"https:\/\/www.feuerwehr-florian.com\/index.php?rest_route=\/wp\/v2\/types\/page"}],"author":[{"embeddable":true,"href":"https:\/\/www.feuerwehr-florian.com\/index.php?rest_route=\/wp\/v2\/users\/86"}],"replies":[{"embeddable":true,"href":"https:\/\/www.feuerwehr-florian.com\/index.php?rest_route=%2Fwp%2Fv2%2Fcomments&post=12200"}],"version-history":[{"count":2,"href":"https:\/\/www.feuerwehr-florian.com\/index.php?rest_route=\/wp\/v2\/pages\/12200\/revisions"}],"predecessor-version":[{"id":12224,"href":"https:\/\/www.feuerwehr-florian.com\/index.php?rest_route=\/wp\/v2\/pages\/12200\/revisions\/12224"}],"up":[{"embeddable":true,"href":"https:\/\/www.feuerwehr-florian.com\/index.php?rest_route=\/wp\/v2\/pages\/3934"}],"wp:featuredmedia":[{"embeddable":true,"href":"https:\/\/www.feuerwehr-florian.com\/index.php?rest_route=\/wp\/v2\/media\/12193"}],"wp:attachment":[{"href":"https:\/\/www.feuerwehr-florian.com\/index.php?rest_route=%2Fwp%2Fv2%2Fmedia&parent=12200"}],"curies":[{"name":"wp","href":"https:\/\/api.w.org\/{rel}","templated":true}]}}