{"id":7510,"date":"2018-10-29T20:16:40","date_gmt":"2018-10-29T19:16:40","guid":{"rendered":"https:\/\/www.feuerwehr-florian.com\/?page_id=7510"},"modified":"2026-01-03T12:05:33","modified_gmt":"2026-01-03T11:05:33","slug":"chronik-1871-bis-1949","status":"publish","type":"page","link":"https:\/\/www.feuerwehr-florian.com\/?page_id=7510","title":{"rendered":"Chronik 1871 bis 1949"},"content":{"rendered":"<p>Bereits im Jahre 1835 bestellte das Stift eine eigene Feuerwache im Falle eines Gewitters. (4 Zimmerleute, 2 Maurer sind beim Portier postiert, wobei die Wartezeit au\u00dferhalb der regul\u00e4ren Arbeitszeit finanziell verg\u00fctet wird).Man k\u00f6nnte diese Feuerwache, welche im Jahre 1837 noch besser organisiert wurde, als sogenannte Pflichtfeuerwehr sehen. Im Jahre 1847 wurde vom Stift St. Florian eine pferdebespannte Spritze mit Saugrohr und Lederschl\u00e4uchen angekauft und die Stiftsfeuerwehr auf freiwilliger Basis gegr\u00fcndet. Sie ist somit die \u00e4lteste Feuerwehr Ober\u00f6sterreichs.<\/p>\n<table>\n<tbody>\n<tr>\n<td rowspan=\"2\">\n<h1>1871<\/h1>\n<\/td>\n<td><\/td>\n<td>\nIn der Nacht vom <strong>26. auf 27. M\u00e4rz<\/strong>, Brand des Ziegeleistadel. Mangels technischer Mittel und entsprechender Ausbildung konnte der Brand nicht gel\u00f6scht werden. Dies war der Anlass, in St. Florian eine Marktfeuerwehr zu gr\u00fcnden.<\/td>\n<\/tr>\n<tr>\n<td><\/td>\n<td>Am <strong>18. Juni<\/strong> ersucht die Gemeindevorstehung den Chorherrn des Stiftes Engelbert M\u00fchlbacher, Statuten und eine Dienstordnung f\u00fcr die Feuerwehr zu erstellen.<\/td>\n<\/tr>\n<tr>\n<td><\/td>\n<td><\/td>\n<td><\/td>\n<\/tr>\n<tr>\n<td>\n<h1>1872<\/h1>\n<\/td>\n<td><\/td>\n<td>\nNach Genehmigung der Statuten durch die K&amp;K &#8211; Stadthalterei in Linz im Mai erlie\u00df B\u00fcrgermeister Florian Banhuber einen Aufruf an die Marktbewohner. Er weist auf die Notwendigkeit einer Feuerwehr hin und fordert alle t\u00fcchtigen und opferwilligen M\u00e4nner auf, beizutreten. Wer nicht in der Lage war, sollte durch eine Geldspende seinen Beitrag leisten.<\/td>\n<\/tr>\n<tr>\n<td><\/td>\n<td><\/td>\n<td><\/td>\n<\/tr>\n<tr>\n<td>\n<h1>1872<\/h1>\n<\/td>\n<td><\/td>\n<td>\nAm <strong>23. Juni<\/strong>\u00a0 Konstituierung der Marktfeuerwehr.<br \/>\n72 Mann hatten sich gemeldet. Erster Hauptmann wurde der Chorherr Engelbert M\u00fchlbacher und sein Stellvertreter der Baumeister Martin Breinesberger. Zur Ausr\u00fcstung geh\u00f6rten eine Saugspritze, ein Wasserwagen, eine Schiebeleiter, f\u00fcnf Steig- und sechs Dachleitern, eine Wagenspritze, vier Handspritzen, Saugschl\u00e4uche, 218m Normalschl\u00e4uche, \u00c4xte, Beile, drei H\u00f6rner, Blusen und Helme. Die Anschaffung der L\u00f6schger\u00e4te wurde durch Spenden, aber auch Theatervorstellungen finanziert.<\/td>\n<\/tr>\n<tr>\n<td><\/td>\n<td><\/td>\n<td><\/td>\n<\/tr>\n<tr>\n<td>\n<h1>1874<\/h1>\n<\/td>\n<td><\/td>\n<td>\nGr\u00fcndung eines Fonds f\u00fcr die geplante Feuerwehrmusikkapelle.<\/td>\n<\/tr>\n<tr>\n<td><\/td>\n<td><\/td>\n<td><\/td>\n<\/tr>\n<tr>\n<td>\n<h1>1875<\/h1>\n<\/td>\n<td><\/td>\n<td><strong><br \/>\n1. Juli:<\/strong>\u00a0Das Stift \u00fcberl\u00e4sst den Hofrichtergarten der Gemeinde zum Bau eines Feuerwehrzeughauses und zur Errichtung eines Turnplatzes.<\/td>\n<\/tr>\n<tr>\n<td><\/td>\n<td><\/td>\n<td><\/td>\n<\/tr>\n<tr>\n<td rowspan=\"2\">\n<h1>1879<\/h1>\n<\/td>\n<td><\/td>\n<td><strong><br \/>\n21. M\u00e4rz:<\/strong> \u00a0Die Gr\u00fcndung der Feuerwehrmusikkapelle.<\/td>\n<\/tr>\n<tr>\n<td><\/td>\n<td><strong>7. September:<\/strong>\u00a0 Anl\u00e4sslich der Er\u00f6ffnung des Linzer Volksfestes durch den Kaiser blieb der Hofzug in Enns stehen. Die Feuerwehr nahm mit 41 Mann am Empfang des Kaisers teil. Die Feuerwehrmusik war mit 11 Mann vertreten.<\/td>\n<\/tr>\n<tr>\n<td><\/td>\n<td><\/td>\n<td><\/td>\n<\/tr>\n<tr>\n<td rowspan=\"2\">\n<h1>1895<\/h1>\n<\/td>\n<td><\/td>\n<td><strong><br \/>\n19. Mai:<\/strong> \u00a0Bildung des 32. Bezirksverbandes mit der Feuerwehr Enns.<\/td>\n<\/tr>\n<tr>\n<td><\/td>\n<td><strong>20. September:<\/strong> \u00a0Koordinierung der Marktfeuerwehr und Stiftsfeuerwehr aus praktischen Gr\u00fcnden. (Stiftsfeuerwehr wurde Filialfeuerwehr der Marktfeuerwehr). Den zweiten Hauptmannstellvertreter stellte die Stiftsfeuerwehr.<\/td>\n<\/tr>\n<tr>\n<td><\/td>\n<td><\/td>\n<td><\/td>\n<\/tr>\n<tr>\n<td>\n<h1>1896<\/h1>\n<\/td>\n<td><\/td>\n<td><strong>15. Oktober:<\/strong> \u00a0Teilnahme am Begr\u00e4bnis des Komponisten Anton Bruckner.<\/td>\n<\/tr>\n<tr>\n<td><\/td>\n<td><\/td>\n<td><\/td>\n<\/tr>\n<tr>\n<td>\n<h1>1898<\/h1>\n<\/td>\n<td><\/td>\n<td>\nDie Feuerwehr St. Florian bildet am Bahnhof Asten &#8211; St. Florian bei der Durchfahrt des Sonderzuges mit der Leiche, der in Genf ermordeten Kaiserin Elisabeth, Spalier.<\/td>\n<\/tr>\n<tr>\n<td><\/td>\n<td><\/td>\n<td><\/td>\n<\/tr>\n<tr>\n<td>\n<h1>1900<\/h1>\n<\/td>\n<td><\/td>\n<td><strong>29. April:<\/strong>\u00a0 Bildung einer Sanit\u00e4tsabteilung.<\/td>\n<\/tr>\n<tr>\n<td><\/td>\n<td><\/td>\n<td><\/td>\n<\/tr>\n<tr>\n<td>\n<h1>1901<\/h1>\n<\/td>\n<td><\/td>\n<td><strong><br \/>\n3. Mai:<\/strong> Brand im Stiftsmeierhof (Schweinestall). Gro\u00dfe Gefahr f\u00fcr die Wagnerei und den Brauhaustrakt.<br \/>\nAn der Rettungsaktion beteiligte sich fast das gesamte Stiftsdienstpersonal, die Marktfeuerwehr sowie die Feuerwehren Enns und Ebelsberg.<\/td>\n<\/tr>\n<tr>\n<td><\/td>\n<td><\/td>\n<td><strong>24. Juli:<\/strong> Gr\u00fcndung der Feuerwehrfiliale Rohrbach.<\/td>\n<\/tr>\n<tr>\n<td><\/td>\n<td><\/td>\n<td><\/td>\n<\/tr>\n<tr>\n<td>\n<h1>1902<\/h1>\n<\/td>\n<td><\/td>\n<td><strong><br \/>\n15. M\u00e4rz:<\/strong> Aufl\u00f6sung der Feuerwehrmusikkapelle. Die Feuerwehr verpflichtet sich, f\u00fcr den zu gr\u00fcndenden Musikfonds 30 Gulden j\u00e4hrlich zu leisten.<\/td>\n<\/tr>\n<tr>\n<td><\/td>\n<td><\/td>\n<td><\/td>\n<\/tr>\n<tr>\n<td>\n<h1>1906<\/h1>\n<\/td>\n<td><\/td>\n<td>\nBrand eines Strebepfeilers an der Nordseite der Stiftskirche.<br \/>\nBrandursache: Leichtfertige Handhabung einer Benzinlampe beim L\u00f6ten.<\/td>\n<\/tr>\n<tr>\n<td><\/td>\n<td><\/td>\n<td><\/td>\n<\/tr>\n<tr>\n<td>\n<h1>1911<\/h1>\n<\/td>\n<td><\/td>\n<td><strong><br \/>\n16. J\u00e4nner:<\/strong>\u00a0 K\u00fcchenbrand im Stift: Es verbrannte fast die gesamte K\u00fccheneinrichtung<br \/>\nBrandursache: Unvorsichtiges Ausschlagen \u2013 Reinigung der Pfeife.<\/td>\n<\/tr>\n<tr>\n<td><\/td>\n<td><\/td>\n<td><\/td>\n<\/tr>\n<tr>\n<td rowspan=\"3\">\n<h1>1914<\/h1>\n<\/td>\n<td><\/td>\n<td><strong><br \/>\n14. April:<\/strong> Brand in der Stiftstischlerei. Der Brand wurde von der Stiftsfeuerwehr noch rechtzeitig unterdr\u00fcckt; leider fiel dabei ein Menschenleben zum Opfer.<br \/>\nUrsache: Unvorsichtigkeit mit einer Benzinlampe.<\/td>\n<\/tr>\n<tr>\n<td><\/td>\n<td><strong>31. Juli:<\/strong> um 20:15 Uhr musste der Feuerwehrhornist Atzm\u00fcller zur Kundmachung der \u201eAllgemeinen Mobilmachung\u201c bei der Johannes-Statue alarmieren.<\/td>\n<\/tr>\n<tr>\n<td><\/td>\n<td><strong>5. August:<\/strong>\u00a0 Bildung einer Rettungsabteilung, Beschaffung von Ger\u00e4ten f\u00fcr den Transport von Verwundeten vom Bahnhof Asten &#8211; St. Florian zum Krankenhaus.<\/td>\n<\/tr>\n<tr>\n<td><\/td>\n<td><\/td>\n<td><\/td>\n<\/tr>\n<tr>\n<td>\n<h1>1917<\/h1>\n<\/td>\n<td><\/td>\n<td><strong><br \/>\n28. September:<\/strong>\u00a0 Die Bezeichnung Feuerwehrkommandant wird auf Wehrf\u00fchrer ge\u00e4ndert.<\/td>\n<\/tr>\n<tr>\n<td><\/td>\n<td><\/td>\n<td><\/td>\n<\/tr>\n<tr>\n<td>\n<h1>1920<\/h1>\n<\/td>\n<td><\/td>\n<td><strong><br \/>\n10. Oktober:<\/strong> \u00a0Im Jahre 1920 kam es wieder zur Selbst\u00e4ndigmachung der Stiftsfeuerwehr \u2013 Lostrennung von der Marktfeuerwehr.<\/td>\n<\/tr>\n<tr>\n<td><\/td>\n<td><\/td>\n<td><\/td>\n<\/tr>\n<tr>\n<td>\n<h1>1923<\/h1>\n<\/td>\n<td><\/td>\n<td><strong><br \/>\n20. M\u00e4rz:<\/strong> Ankauf einer Motorspritze der F.F. Markt St. Florian. Wegen der schlechten Stra\u00dfenverh\u00e4ltnisse in St. Florian wurde von der Beschaffung einer Zugmaschine Abstand genommen.<\/td>\n<\/tr>\n<tr>\n<td><\/td>\n<td><\/td>\n<td><\/td>\n<\/tr>\n<tr>\n<td>\n<h1>1924<\/h1>\n<\/td>\n<td><\/td>\n<td>Ankauf eines Rettungswagen (Pferdezug).<\/td>\n<\/tr>\n<tr>\n<td><\/td>\n<td><\/td>\n<td><\/td>\n<\/tr>\n<tr>\n<td>\n<h1>1926<\/h1>\n<\/td>\n<td><\/td>\n<td><strong><br \/>\n22. September:<\/strong> \u00a0Wegen der Unregelm\u00e4\u00dfigkeiten bei der Pferdebespannung f\u00fcr die Motorspritze wurde nun doch f\u00fcr die Marktfeuerwehr ein Feuerwehrauto gekauft.<\/td>\n<\/tr>\n<tr>\n<td><\/td>\n<td><\/td>\n<td><\/td>\n<\/tr>\n<tr>\n<td>\n<h1>1927<\/h1>\n<\/td>\n<td><\/td>\n<td>\nAnschaffung einer handbetriebenen Sirene. Sie ist heute noch im Turm am Dach des alten Gemeindegeb\u00e4udes funktionst\u00fcchtig. Dadurch wurde die Alarmierung durch das L\u00e4uten der Glocke und durch den Feuerwehrhornisten hinf\u00e4llig.<\/td>\n<\/tr>\n<tr>\n<td><\/td>\n<td><\/td>\n<td><\/td>\n<\/tr>\n<tr>\n<td rowspan=\"2\">\n<h1>1936<\/h1>\n<h1><\/h1>\n<\/td>\n<td><\/td>\n<td><strong>5. Juni:<\/strong> Zugungl\u00fcck auf der Westbahn bei Asten.\n\t\t<style type=\"text\/css\">\n\t\t\t#gallery-1 {\n\t\t\t\tmargin: auto;\n\t\t\t}\n\t\t\t#gallery-1 .gallery-item {\n\t\t\t\tfloat: left;\n\t\t\t\tmargin-top: 10px;\n\t\t\t\ttext-align: center;\n\t\t\t\twidth: 33%;\n\t\t\t}\n\t\t\t#gallery-1 img {\n\t\t\t\tborder: 2px solid #cfcfcf;\n\t\t\t}\n\t\t\t#gallery-1 .gallery-caption {\n\t\t\t\tmargin-left: 0;\n\t\t\t}\n\t\t\t\/* see gallery_shortcode() in wp-includes\/media.php *\/\n\t\t<\/style>\n\t\t<div id='gallery-1' class='gallery galleryid-7510 gallery-columns-3 gallery-size-thumbnail'><dl class='gallery-item'>\n\t\t\t<dt class='gallery-icon landscape'>\n\t\t\t\t<a href='https:\/\/www.feuerwehr-florian.com\/wp-content\/uploads\/2016\/01\/Ordner-1_Bild-143-1.jpg' title=\"\" data-rl_title=\"\" class=\"rl-gallery-link\" data-rl_caption=\"\" data-rel=\"lightbox-gallery-1\"><img loading=\"lazy\" decoding=\"async\" width=\"250\" height=\"250\" src=\"https:\/\/www.feuerwehr-florian.com\/wp-content\/uploads\/2016\/01\/Ordner-1_Bild-143-1-250x250.jpg\" class=\"attachment-thumbnail size-thumbnail\" alt=\"\" \/><\/a>\n\t\t\t<\/dt><\/dl><dl class='gallery-item'>\n\t\t\t<dt class='gallery-icon landscape'>\n\t\t\t\t<a href='https:\/\/www.feuerwehr-florian.com\/wp-content\/uploads\/2016\/01\/Ordner-1_Bild-038-e1453057186554.jpg' title=\"\" data-rl_title=\"\" class=\"rl-gallery-link\" data-rl_caption=\"\" data-rel=\"lightbox-gallery-1\"><img loading=\"lazy\" decoding=\"async\" width=\"250\" height=\"250\" src=\"https:\/\/www.feuerwehr-florian.com\/wp-content\/uploads\/2016\/01\/Ordner-1_Bild-038-e1453057186554-250x250.jpg\" class=\"attachment-thumbnail size-thumbnail\" alt=\"\" \/><\/a>\n\t\t\t<\/dt><\/dl>\n\t\t\t<br style='clear: both' \/>\n\t\t<\/div>\n<\/td>\n<\/tr>\n<tr>\n<td><\/td>\n<td>\n<p><strong>2. Juli:<\/strong>\u00a0 \u00dcbernahme der neuen Motorspritze R25 durch die Stiftsfeuerwehr.<\/p>\n<p><a href=\"https:\/\/www.feuerwehr-florian.com\/wp-content\/uploads\/2016\/01\/Ordner-1_Bild-001.jpg\" rel=\"attachment wp-att-3764\" data-rel=\"lightbox-gallery-MlPUSALY\" data-rl_title=\"\" data-rl_caption=\"\" title=\"\"><img loading=\"lazy\" decoding=\"async\" class=\"alignleft wp-image-3764 size-thumbnail\" src=\"https:\/\/www.feuerwehr-florian.com\/wp-content\/uploads\/2016\/01\/Ordner-1_Bild-001-250x250.jpg\" alt=\"Ordner-1_Bild-001\" width=\"250\" height=\"250\" \/><\/a><\/td>\n<\/tr>\n<tr>\n<td><\/td>\n<td><\/td>\n<td><\/td>\n<\/tr>\n<tr>\n<td rowspan=\"2\">\n<h1>1937<\/h1>\n<\/td>\n<td><\/td>\n<td><strong><br \/>\n3. und 4. Juli:<\/strong> 90 Jahre Bestandsjubil\u00e4um der Stiftsfeuerwehr mit Motorspritzenweihe der R50 der FF Markt, gro\u00dfer Schau\u00fcbung und als H\u00f6hepunkt gro\u00dfer Festzug mit 22 Wagen.<\/td>\n<\/tr>\n<tr>\n<td><\/td>\n<td><strong>15. Dezember:<\/strong> \u00a0In der beh\u00f6rdlichen Feuerpolizeiordnung wurden die Feuerwehren aus dem Vereinsgesetz heraus genommen und zu K\u00f6rperschaften erkl\u00e4rt.<\/td>\n<\/tr>\n<tr>\n<td><\/td>\n<td><\/td>\n<td><\/td>\n<\/tr>\n<tr>\n<td>\n<h1>1938<\/h1>\n<\/td>\n<td><\/td>\n<td><strong><br \/>\n17. Juli:<\/strong> \u00a0Die beiden Feuerwehren Rohrbach und Bruck &#8211; Hausleiten werden aufgel\u00f6st und der Marktfeuerwehr angeschlossen.<\/td>\n<\/tr>\n<tr>\n<td><\/td>\n<td><\/td>\n<td><\/td>\n<\/tr>\n<tr>\n<td rowspan=\"3\">\n<h1>1939<\/h1>\n<\/td>\n<td><\/td>\n<td><strong><br \/>\n25. Juni:<\/strong>\u00a0 Die Stifts- und Marktfeuerwehr veranstalten gemeinsam ein Seefest in St. Florian. Gro\u00dfer Erfolg bei einem Besuch von mehr als 2000 Leuten.<\/td>\n<\/tr>\n<tr>\n<td><\/td>\n<td><strong>1. September:<\/strong> Gr\u00fcndung der HJ- (Hitlerjugend) &#8211; Feuerwehrgruppe. Sie war die erste im Raum Linz-Land.<\/td>\n<\/tr>\n<tr>\n<td><\/td>\n<td>\n<p><strong>24. Oktober:<\/strong> Aus der Freiwilligen Feuerwehr wurde eine Hilfspolizeitruppe. Die braunen Uniformen wurden durch blaue ersetzt, die Farbe der Fahrzeuge und L\u00f6schger\u00e4te nun gr\u00fcn. Das Rettungswesen wurde von der Feuerwehr getrennt, trotzdem musste die Marktfeuerwehr den Rettungsdienst weiter aus\u00fcben.<\/p>\n<p><a href=\"https:\/\/www.feuerwehr-florian.com\/wp-content\/uploads\/2016\/01\/Ordner-1_Bild-041.jpg\" rel=\"attachment wp-att-3765\" data-rel=\"lightbox-gallery-MlPUSALY\" data-rl_title=\"\" data-rl_caption=\"\" title=\"\"><img loading=\"lazy\" decoding=\"async\" class=\"alignleft wp-image-3765\" src=\"https:\/\/www.feuerwehr-florian.com\/wp-content\/uploads\/2016\/01\/Ordner-1_Bild-041.jpg\" alt=\"Ordner-1_Bild-041\" width=\"600\" height=\"431\" srcset=\"https:\/\/www.feuerwehr-florian.com\/wp-content\/uploads\/2016\/01\/Ordner-1_Bild-041.jpg 1393w, https:\/\/www.feuerwehr-florian.com\/wp-content\/uploads\/2016\/01\/Ordner-1_Bild-041-1000x718.jpg 1000w\" sizes=\"auto, (max-width: 600px) 100vw, 600px\" \/><\/a><\/p>\n<p>&nbsp;<\/td>\n<\/tr>\n<tr>\n<td><\/td>\n<td><\/td>\n<td><\/td>\n<\/tr>\n<tr>\n<td rowspan=\"2\">\n<h1>1940<\/h1>\n<\/td>\n<td><\/td>\n<td><strong><br \/>\n23. Februar:<\/strong> \u00a0Die Stiftsfeuerwehr wird f\u00fcr die Dauer des Krieges wieder der Marktfeuerwehr angegliedert.<\/td>\n<\/tr>\n<tr>\n<td><\/td>\n<td><strong>26. Dezember:<\/strong> Vereidigung aller Feuerwehrm\u00e4nner unter 60 Jahren auf Adolf Hitler.<\/td>\n<\/tr>\n<tr>\n<td><\/td>\n<td><\/td>\n<td><\/td>\n<\/tr>\n<tr>\n<td>\n<h1>1942<\/h1>\n<\/td>\n<td><\/td>\n<td><strong><br \/>\nEnde 1942<\/strong> wurden Frauen als Feuerwehrhelferinnen dienstverpflichtet, da sich der Personalstand infolge Einberufung zum Wehrdienst immer mehr verringerte.\n\t\t<style type=\"text\/css\">\n\t\t\t#gallery-2 {\n\t\t\t\tmargin: auto;\n\t\t\t}\n\t\t\t#gallery-2 .gallery-item {\n\t\t\t\tfloat: left;\n\t\t\t\tmargin-top: 10px;\n\t\t\t\ttext-align: center;\n\t\t\t\twidth: 33%;\n\t\t\t}\n\t\t\t#gallery-2 img {\n\t\t\t\tborder: 2px solid #cfcfcf;\n\t\t\t}\n\t\t\t#gallery-2 .gallery-caption {\n\t\t\t\tmargin-left: 0;\n\t\t\t}\n\t\t\t\/* see gallery_shortcode() in wp-includes\/media.php *\/\n\t\t<\/style>\n\t\t<div id='gallery-2' class='gallery galleryid-7510 gallery-columns-3 gallery-size-thumbnail'><dl class='gallery-item'>\n\t\t\t<dt class='gallery-icon landscape'>\n\t\t\t\t<a href='https:\/\/www.feuerwehr-florian.com\/wp-content\/uploads\/2016\/01\/Ordner-1_Bild-043.jpg' title=\"\" data-rl_title=\"\" class=\"rl-gallery-link\" data-rl_caption=\"\" data-rel=\"lightbox-gallery-2\"><img loading=\"lazy\" decoding=\"async\" width=\"250\" height=\"250\" src=\"https:\/\/www.feuerwehr-florian.com\/wp-content\/uploads\/2016\/01\/Ordner-1_Bild-043-250x250.jpg\" class=\"attachment-thumbnail size-thumbnail\" alt=\"\" \/><\/a>\n\t\t\t<\/dt><\/dl><dl class='gallery-item'>\n\t\t\t<dt class='gallery-icon landscape'>\n\t\t\t\t<a href='https:\/\/www.feuerwehr-florian.com\/wp-content\/uploads\/2016\/01\/Ordner-1_Bild-044.jpg' title=\"\" data-rl_title=\"\" class=\"rl-gallery-link\" data-rl_caption=\"\" data-rel=\"lightbox-gallery-2\"><img loading=\"lazy\" decoding=\"async\" width=\"250\" height=\"250\" src=\"https:\/\/www.feuerwehr-florian.com\/wp-content\/uploads\/2016\/01\/Ordner-1_Bild-044-250x250.jpg\" class=\"attachment-thumbnail size-thumbnail\" alt=\"\" \/><\/a>\n\t\t\t<\/dt><\/dl><dl class='gallery-item'>\n\t\t\t<dt class='gallery-icon landscape'>\n\t\t\t\t<a href='https:\/\/www.feuerwehr-florian.com\/wp-content\/uploads\/2016\/01\/Ordner-1_Bild-045-e1453057306593.jpg' title=\"\" data-rl_title=\"\" class=\"rl-gallery-link\" data-rl_caption=\"\" data-rel=\"lightbox-gallery-2\"><img loading=\"lazy\" decoding=\"async\" width=\"250\" height=\"250\" src=\"https:\/\/www.feuerwehr-florian.com\/wp-content\/uploads\/2016\/01\/Ordner-1_Bild-045-e1453057306593-250x250.jpg\" class=\"attachment-thumbnail size-thumbnail\" alt=\"\" \/><\/a>\n\t\t\t<\/dt><\/dl><br style=\"clear: both\" \/><dl class='gallery-item'>\n\t\t\t<dt class='gallery-icon landscape'>\n\t\t\t\t<a href='https:\/\/www.feuerwehr-florian.com\/wp-content\/uploads\/2016\/01\/Ordner-1_Bild-046.jpg' title=\"\" data-rl_title=\"\" class=\"rl-gallery-link\" data-rl_caption=\"\" data-rel=\"lightbox-gallery-2\"><img loading=\"lazy\" decoding=\"async\" width=\"250\" height=\"250\" src=\"https:\/\/www.feuerwehr-florian.com\/wp-content\/uploads\/2016\/01\/Ordner-1_Bild-046-250x250.jpg\" class=\"attachment-thumbnail size-thumbnail\" alt=\"\" \/><\/a>\n\t\t\t<\/dt><\/dl>\n\t\t\t<br style='clear: both' \/>\n\t\t<\/div>\n<\/td>\n<\/tr>\n<tr>\n<td><\/td>\n<td><\/td>\n<td><\/td>\n<\/tr>\n<tr>\n<td>\n<h1>1944<\/h1>\n<\/td>\n<td><\/td>\n<td>\nEine \u00fcber\u00f6rtliche Einsatzgruppe (OD9), bestehend aus den Feuerwehren Enns, St. Florian, Niederneukirchen, Neuhofen und St. Marien, wird gegr\u00fcndet.<\/td>\n<\/tr>\n<tr>\n<td><\/td>\n<td><\/td>\n<td><\/td>\n<\/tr>\n<tr>\n<td>\n<h1>1945<\/h1>\n<\/td>\n<td><\/td>\n<td><strong>6. Mai:<\/strong> Einmarsch der amerikanischen Truppen in den Markt und Stift St. Florian.<\/td>\n<\/tr>\n<tr>\n<td><\/td>\n<td><\/td>\n<td><\/td>\n<\/tr>\n<tr>\n<td>\n<h1>1946<\/h1>\n<\/td>\n<td><\/td>\n<td>\nMunitionssprengungen im Forstholz verursachen immer wieder Waldbr\u00e4nde. So kam es am <strong>11. Mai 1946<\/strong> zu einem Waldbrand im Forstholz, wobei 6 Joch Grund = 300rm Holz vernichtet wurden. Bei der L\u00f6schaktion waren 17 Feuerwehren im Einsatz.<\/td>\n<\/tr>\n<tr>\n<td><\/td>\n<td><\/td>\n<td><\/td>\n<\/tr>\n<tr>\n<td rowspan=\"2\">\n<h1>1947<\/h1>\n<\/td>\n<td><\/td>\n<td><strong><br \/>\n28. August:<\/strong> Brand der Orgelbauwerkst\u00e4tte im Stift. Diese ist total ausgebrannt.<\/td>\n<\/tr>\n<tr>\n<td><\/td>\n<td><strong>19. September:<\/strong> \u00a0Auf Anordnung des Landesfeuerwehrkommandos &#8211; Einsatz bei Waldbrand am Schafberg.<\/td>\n<\/tr>\n<tr>\n<td><\/td>\n<td><\/td>\n<td><\/td>\n<\/tr>\n<tr>\n<td>\n<h1>1948<\/h1>\n<\/td>\n<td><\/td>\n<td>\nEin in St. Florian verbliebener Schlauchwagen wird von Ing. F. Linninger zu einem Tankwagen umgebaut.<a href=\"https:\/\/www.feuerwehr-florian.com\/wp-content\/uploads\/2016\/01\/Foto4.jpg\" rel=\"attachment wp-att-3573\" data-rel=\"lightbox-gallery-MlPUSALY\" data-rl_title=\"\" data-rl_caption=\"\" title=\"\"><img loading=\"lazy\" decoding=\"async\" class=\"alignleft wp-image-3573\" src=\"https:\/\/www.feuerwehr-florian.com\/wp-content\/uploads\/2016\/01\/Foto4.jpg\" alt=\"Foto4\" width=\"600\" height=\"399\" srcset=\"https:\/\/www.feuerwehr-florian.com\/wp-content\/uploads\/2016\/01\/Foto4.jpg 1393w, https:\/\/www.feuerwehr-florian.com\/wp-content\/uploads\/2016\/01\/Foto4-1000x665.jpg 1000w, https:\/\/www.feuerwehr-florian.com\/wp-content\/uploads\/2016\/01\/Foto4-600x399.jpg 600w, https:\/\/www.feuerwehr-florian.com\/wp-content\/uploads\/2016\/01\/Foto4-300x200.jpg 300w, https:\/\/www.feuerwehr-florian.com\/wp-content\/uploads\/2016\/01\/Foto4-450x300.jpg 450w\" sizes=\"auto, (max-width: 600px) 100vw, 600px\" \/><\/a><\/td>\n<\/tr>\n<tr>\n<td><\/td>\n<td><\/td>\n<td><\/td>\n<\/tr>\n<tr>\n<td>\n<h1>1949<\/h1>\n<\/td>\n<td><\/td>\n<td>\nIm Herbst wurde zwischen dem Feuerwehrdepot und der Stiftsmauer eine beheizbare Garage f\u00fcr das Tankl\u00f6schfahrzeug gebaut.<\/td>\n<\/tr>\n<\/tbody>\n<\/table>\n<p>&nbsp;<\/p>\n\n<!-- Page-list plugin v.5.9 wordpress.org\/plugins\/page-list\/ -->\n<ul class=\"page-list siblings-page-list pagelist\">\n<li class=\"page_item page-item-12199\"><a href=\"https:\/\/www.feuerwehr-florian.com\/?page_id=12199\">Eins\u00e4tze 2026<\/a><\/li>\n<li class=\"page_item page-item-12200\"><a href=\"https:\/\/www.feuerwehr-florian.com\/?page_id=12200\">Eins\u00e4tze 2025<\/a><\/li>\n<li class=\"page_item page-item-11685\"><a href=\"https:\/\/www.feuerwehr-florian.com\/?page_id=11685\">Eins\u00e4tze 2024<\/a><\/li>\n<li class=\"page_item page-item-10406\"><a href=\"https:\/\/www.feuerwehr-florian.com\/?page_id=10406\">Eins\u00e4tze 2023<\/a><\/li>\n<li class=\"page_item page-item-9465\"><a href=\"https:\/\/www.feuerwehr-florian.com\/?page_id=9465\">Eins\u00e4tze 2022<\/a><\/li>\n<li class=\"page_item page-item-8907\"><a href=\"https:\/\/www.feuerwehr-florian.com\/?page_id=8907\">Eins\u00e4tze 2021<\/a><\/li>\n<li class=\"page_item page-item-12816 page_item_has_children\"><a href=\"https:\/\/www.feuerwehr-florian.com\/?page_id=12816\">Eins\u00e4tze 2006 bis 2020<\/a><\/li>\n<li class=\"page_item page-item-7511\"><a href=\"https:\/\/www.feuerwehr-florian.com\/?page_id=7511\">Chronik 1950 bis 2005<\/a><\/li>\n<li class=\"page_item page-item-7510\"><a href=\"https:\/\/www.feuerwehr-florian.com\/?page_id=7510\">Chronik 1871 bis 1949<\/a><\/li>\n\n<\/ul>\n","protected":false},"excerpt":{"rendered":"<p>Bereits im Jahre 1835 bestellte das Stift eine eigene Feuerwache im Falle eines Gewitters. (4 Zimmerleute, 2 Maurer sind beim Portier postiert, wobei die Wartezeit au\u00dferhalb der regul\u00e4ren Arbeitszeit finanziell verg\u00fctet wird).Man k\u00f6nnte diese Feuerwache, welche im Jahre 1837 noch besser organisiert wurde, als sogenannte Pflichtfeuerwehr sehen. Im Jahre 1847 wurde vom Stift St. Florian<\/p>\n<p><a class=\"more-link\" href=\"https:\/\/www.feuerwehr-florian.com\/?page_id=7510\">Weiterlesen<\/a><\/p>\n","protected":false},"author":86,"featured_media":548,"parent":3934,"menu_order":200,"comment_status":"closed","ping_status":"closed","template":"fullwidth.php","meta":{"footnotes":""},"class_list":["post-7510","page","type-page","status-publish","has-post-thumbnail","hentry"],"jetpack_sharing_enabled":true,"jetpack_likes_enabled":true,"_links":{"self":[{"href":"https:\/\/www.feuerwehr-florian.com\/index.php?rest_route=\/wp\/v2\/pages\/7510","targetHints":{"allow":["GET"]}}],"collection":[{"href":"https:\/\/www.feuerwehr-florian.com\/index.php?rest_route=\/wp\/v2\/pages"}],"about":[{"href":"https:\/\/www.feuerwehr-florian.com\/index.php?rest_route=\/wp\/v2\/types\/page"}],"author":[{"embeddable":true,"href":"https:\/\/www.feuerwehr-florian.com\/index.php?rest_route=\/wp\/v2\/users\/86"}],"replies":[{"embeddable":true,"href":"https:\/\/www.feuerwehr-florian.com\/index.php?rest_route=%2Fwp%2Fv2%2Fcomments&post=7510"}],"version-history":[{"count":2,"href":"https:\/\/www.feuerwehr-florian.com\/index.php?rest_route=\/wp\/v2\/pages\/7510\/revisions"}],"predecessor-version":[{"id":7538,"href":"https:\/\/www.feuerwehr-florian.com\/index.php?rest_route=\/wp\/v2\/pages\/7510\/revisions\/7538"}],"up":[{"embeddable":true,"href":"https:\/\/www.feuerwehr-florian.com\/index.php?rest_route=\/wp\/v2\/pages\/3934"}],"wp:featuredmedia":[{"embeddable":true,"href":"https:\/\/www.feuerwehr-florian.com\/index.php?rest_route=\/wp\/v2\/media\/548"}],"wp:attachment":[{"href":"https:\/\/www.feuerwehr-florian.com\/index.php?rest_route=%2Fwp%2Fv2%2Fmedia&parent=7510"}],"curies":[{"name":"wp","href":"https:\/\/api.w.org\/{rel}","templated":true}]}}