{"id":831,"date":"2016-01-02T18:25:47","date_gmt":"2016-01-02T17:25:47","guid":{"rendered":"http:\/\/wp.feuerwehr-florian.com\/?page_id=831"},"modified":"2026-01-03T11:47:53","modified_gmt":"2026-01-03T10:47:53","slug":"einsaetze-2011","status":"publish","type":"page","link":"https:\/\/www.feuerwehr-florian.com\/?page_id=831","title":{"rendered":"Eins\u00e4tze 2011"},"content":{"rendered":"<p>Eine Auflistung aller\u00a0Eins\u00e4tze aus dem Jahr 2011.<\/p>\n<!--W4PL_List_813-->\n<div id=\"w4pl-list-813\" class=\"w4pl\">\n\t<div id=\"w4pl-inner-813\" class=\"w4pl-inner\">\n\t\t<ul>\r\n<li><a href=\"https:\/\/www.feuerwehr-florian.com\/?p=5089\">19.12.2011<\/a> | <a href=\"https:\/\/www.feuerwehr-florian.com\/?p=5089\">Brand eines Lagerraumes in einem Gasthaus in St.Florian<\/a><\/li>\r\n\r\n<li><a href=\"https:\/\/www.feuerwehr-florian.com\/?p=5078\">01.12.2011<\/a> | <a href=\"https:\/\/www.feuerwehr-florian.com\/?p=5078\">Brand eines Adventkranzes verlief glimpflich<\/a><\/li>\r\n\r\n<li><a href=\"https:\/\/www.feuerwehr-florian.com\/?p=5073\">10.11.2011<\/a> | <a href=\"https:\/\/www.feuerwehr-florian.com\/?p=5073\">\u00d6laustritt in der Wienerstra\u00dfe<\/a><\/li>\r\n\r\n<li><a href=\"https:\/\/www.feuerwehr-florian.com\/?p=5071\">10.11.2011<\/a> | <a href=\"https:\/\/www.feuerwehr-florian.com\/?p=5071\">Wasserschaden am Ipfbach<\/a><\/li>\r\n\r\n<li><a href=\"https:\/\/www.feuerwehr-florian.com\/?p=5067\">09.11.2011<\/a> | <a href=\"https:\/\/www.feuerwehr-florian.com\/?p=5067\">\u00d6lspur &#8211; PKW liegt auf der Seite<\/a><\/li>\r\n\r\n<li><a href=\"https:\/\/www.feuerwehr-florian.com\/?p=5060\">08.11.2011<\/a> | <a href=\"https:\/\/www.feuerwehr-florian.com\/?p=5060\">Fahrzeugbrand mit K\u00fcbel Wasser gel\u00f6scht<\/a><\/li>\r\n\r\n<li><a href=\"https:\/\/www.feuerwehr-florian.com\/?p=5058\">07.11.2011<\/a> | <a href=\"https:\/\/www.feuerwehr-florian.com\/?p=5058\">Brandmeldealarm im Gewerbegebiet<\/a><\/li>\r\n\r\n<li><a href=\"https:\/\/www.feuerwehr-florian.com\/?p=5056\">04.11.2011<\/a> | <a href=\"https:\/\/www.feuerwehr-florian.com\/?p=5056\">Fahrzeug nach Ausweichman\u00f6ver beinahe umgest\u00fcrzt<\/a><\/li>\r\n\r\n<li><a href=\"https:\/\/www.feuerwehr-florian.com\/?p=5044\">02.11.2011<\/a> | <a href=\"https:\/\/www.feuerwehr-florian.com\/?p=5044\">Brand in Selchkammer verraucht gesamtes Haus<\/a><\/li>\r\n\r\n<li><a href=\"https:\/\/www.feuerwehr-florian.com\/?p=5042\">31.10.2011<\/a> | <a href=\"https:\/\/www.feuerwehr-florian.com\/?p=5042\">Brandmeldealarm entpuppt sich als Mistk\u00fcbelbrand<\/a><\/li>\r\n\r\n<li><a href=\"https:\/\/www.feuerwehr-florian.com\/?p=5037\">29.10.2011<\/a> | <a href=\"https:\/\/www.feuerwehr-florian.com\/?p=5037\">Tierrettung &#8211; Katze auf Baum<\/a><\/li>\r\n\r\n<li><a href=\"https:\/\/www.feuerwehr-florian.com\/?p=5029\">26.10.2011<\/a> | <a href=\"https:\/\/www.feuerwehr-florian.com\/?p=5029\">Brandeinsatz am Nationalfeiertag<\/a><\/li>\r\n\r\n<li><a href=\"https:\/\/www.feuerwehr-florian.com\/?p=5022\">09.10.2011<\/a> | <a href=\"https:\/\/www.feuerwehr-florian.com\/?p=5022\">PKW-Brand durch Feuerwehrmann gel\u00f6scht<\/a><\/li>\r\n\r\n<li><a href=\"https:\/\/www.feuerwehr-florian.com\/?p=5019\">03.10.2011<\/a> | <a href=\"https:\/\/www.feuerwehr-florian.com\/?p=5019\">\u00d6lspur beim Kreisverkehr &#8222;Judenfriedhof&#8220;<\/a><\/li>\r\n\r\n<li><a href=\"https:\/\/www.feuerwehr-florian.com\/?p=5009\">29.09.2011<\/a> | <a href=\"https:\/\/www.feuerwehr-florian.com\/?p=5009\">Brand eines LKW auf der Autobahn<\/a><\/li>\r\n\r\n<li><a href=\"https:\/\/www.feuerwehr-florian.com\/?p=5007\">20.09.2011<\/a> | <a href=\"https:\/\/www.feuerwehr-florian.com\/?p=5007\">Brandmeldealarm in der Landwirtschaftsschule<\/a><\/li>\r\n\r\n<li><a href=\"https:\/\/www.feuerwehr-florian.com\/?p=5001\">05.09.2011<\/a> | <a href=\"https:\/\/www.feuerwehr-florian.com\/?p=5001\">Pumparbeiten und Stra\u00dfenreinigung nach starken Regenf\u00e4llen<\/a><\/li>\r\n\r\n<li><a href=\"https:\/\/www.feuerwehr-florian.com\/?p=4994\">23.08.2011<\/a> | <a href=\"https:\/\/www.feuerwehr-florian.com\/?p=4994\">Personenrettung &#8211; Eingeklemmte Person zwischen Wand und Traktor<\/a><\/li>\r\n\r\n<li><a href=\"https:\/\/www.feuerwehr-florian.com\/?p=4988\">22.08.2011<\/a> | <a href=\"https:\/\/www.feuerwehr-florian.com\/?p=4988\">Rauchentwicklung in Heizungszentrale<\/a><\/li>\r\n\r\n<li><a href=\"https:\/\/www.feuerwehr-florian.com\/?p=4985\">21.08.2011<\/a> | <a href=\"https:\/\/www.feuerwehr-florian.com\/?p=4985\">Kind in Notlage &#8211; T\u00fcr\u00f6ffnung<\/a><\/li>\r\n\r\n<li><a href=\"https:\/\/www.feuerwehr-florian.com\/?p=4983\">18.08.2011<\/a> | <a href=\"https:\/\/www.feuerwehr-florian.com\/?p=4983\">Zwei \u00d6lspuren innerhalb 12 Stunden<\/a><\/li>\r\n\r\n<li><a href=\"https:\/\/www.feuerwehr-florian.com\/?p=4975\">08.08.2011<\/a> | <a href=\"https:\/\/www.feuerwehr-florian.com\/?p=4975\">Schwelbrand auf Baustelle<\/a><\/li>\r\n\r\n<li><a href=\"https:\/\/www.feuerwehr-florian.com\/?p=4972\">19.07.2011<\/a> | <a href=\"https:\/\/www.feuerwehr-florian.com\/?p=4972\">Verkehrsunfall bei der Autobahnauffahrt<\/a><\/li>\r\n\r\n<li><a href=\"https:\/\/www.feuerwehr-florian.com\/?p=4970\">15.07.2011<\/a> | <a href=\"https:\/\/www.feuerwehr-florian.com\/?p=4970\">Brandmeldealarm im Betriebsbaugebiet<\/a><\/li>\r\n\r\n<li><a href=\"https:\/\/www.feuerwehr-florian.com\/?p=4965\">22.06.2011<\/a> | <a href=\"https:\/\/www.feuerwehr-florian.com\/?p=4965\">Sturmschaden im Forstholz<\/a><\/li>\r\n\r\n<li><a href=\"https:\/\/www.feuerwehr-florian.com\/?p=4962\">03.06.2011<\/a> | <a href=\"https:\/\/www.feuerwehr-florian.com\/?p=4962\">T\u00fcr\u00f6ffnung in der Prandtauerstra\u00dfe<\/a><\/li>\r\n\r\n<li><a href=\"https:\/\/www.feuerwehr-florian.com\/?p=4960\">03.06.2011<\/a> | <a href=\"https:\/\/www.feuerwehr-florian.com\/?p=4960\">Busbergung in der Thannstra\u00dfe<\/a><\/li>\r\n\r\n<li><a href=\"https:\/\/www.feuerwehr-florian.com\/?p=4958\">30.05.2011<\/a> | <a href=\"https:\/\/www.feuerwehr-florian.com\/?p=4958\">Technischer Einsatz im Sommerlandl<\/a><\/li>\r\n\r\n<li><a href=\"https:\/\/www.feuerwehr-florian.com\/?p=4949\">27.05.2011<\/a> | <a href=\"https:\/\/www.feuerwehr-florian.com\/?p=4949\">Schwerer Verkehrsunfall zwischen St. Florian und Niederneukirchen<\/a><\/li>\r\n\r\n<li><a href=\"https:\/\/www.feuerwehr-florian.com\/?p=4937\">24.05.2011<\/a> | <a href=\"https:\/\/www.feuerwehr-florian.com\/?p=4937\">Brand eines Baggers<\/a><\/li>\r\n\r\n<li><a href=\"https:\/\/www.feuerwehr-florian.com\/?p=4921\">15.05.2011<\/a> | <a href=\"https:\/\/www.feuerwehr-florian.com\/?p=4921\">Fahrzeugbergung bei Oldtimerfahrt<\/a><\/li>\r\n\r\n<li><a href=\"https:\/\/www.feuerwehr-florian.com\/?p=4919\">04.05.2011<\/a> | <a href=\"https:\/\/www.feuerwehr-florian.com\/?p=4919\">Eingeschlossene Person in Lift<\/a><\/li>\r\n\r\n<li><a href=\"https:\/\/www.feuerwehr-florian.com\/?p=4912\">23.04.2011<\/a> | <a href=\"https:\/\/www.feuerwehr-florian.com\/?p=4912\">Mineral\u00f6laustritt nach Wildunfall<\/a><\/li>\r\n\r\n<li><a href=\"https:\/\/www.feuerwehr-florian.com\/?p=5099\">16.04.2011<\/a> | <a href=\"https:\/\/www.feuerwehr-florian.com\/?p=5099\">Brandmeldealarm bei der Firma Lutz<\/a><\/li>\r\n\r\n<li><a href=\"https:\/\/www.feuerwehr-florian.com\/?p=4907\">14.04.2011<\/a> | <a href=\"https:\/\/www.feuerwehr-florian.com\/?p=4907\">Brandmeldealarm &#8211; Brand in einer Mikrowelle<\/a><\/li>\r\n\r\n<li><a href=\"https:\/\/www.feuerwehr-florian.com\/?p=5097\">31.03.2011<\/a> | <a href=\"https:\/\/www.feuerwehr-florian.com\/?p=5097\">Dieselaustritt H\u00f6he des Gemeindeamtes<\/a><\/li>\r\n\r\n<li><a href=\"https:\/\/www.feuerwehr-florian.com\/?p=4897\">28.03.2011<\/a> | <a href=\"https:\/\/www.feuerwehr-florian.com\/?p=4897\">Verkehrsunfall &#8211; Fahrzeug im Ipfbach<\/a><\/li>\r\n\r\n<li><a href=\"https:\/\/www.feuerwehr-florian.com\/?p=5103\">17.03.2011<\/a> | <a href=\"https:\/\/www.feuerwehr-florian.com\/?p=5103\">Brand einer elektrischen Anlage in Oberndorf<\/a><\/li>\r\n\r\n<li><a href=\"https:\/\/www.feuerwehr-florian.com\/?p=4885\">09.03.2011<\/a> | <a href=\"https:\/\/www.feuerwehr-florian.com\/?p=4885\">Brandmeldealarm &#8211; Fehlalarmierung<\/a><\/li>\r\n\r\n<li><a href=\"https:\/\/www.feuerwehr-florian.com\/?p=4883\">23.02.2011<\/a> | <a href=\"https:\/\/www.feuerwehr-florian.com\/?p=4883\">Brandmeldealarm beim Roten Kreuz St. Florian<\/a><\/li>\r\n\r\n<li><a href=\"https:\/\/www.feuerwehr-florian.com\/?p=4879\">21.02.2011<\/a> | <a href=\"https:\/\/www.feuerwehr-florian.com\/?p=4879\">Katze auf Baum erfordert Feuerwehreinsatz<\/a><\/li>\r\n\r\n<li><a href=\"https:\/\/www.feuerwehr-florian.com\/?p=4870\">04.02.2011<\/a> | <a href=\"https:\/\/www.feuerwehr-florian.com\/?p=4870\">Schwerer Verkehrsunfall bei der Autobahnauffahrt<\/a><\/li>\r\n\r\n<li><a href=\"https:\/\/www.feuerwehr-florian.com\/?p=4864\">03.02.2011<\/a> | <a href=\"https:\/\/www.feuerwehr-florian.com\/?p=4864\">Wasserschaden in Samesleiten<\/a><\/li>\r\n\r\n<li><a href=\"https:\/\/www.feuerwehr-florian.com\/?p=4860\">14.01.2011<\/a> | <a href=\"https:\/\/www.feuerwehr-florian.com\/?p=4860\">2x Brandmeldealarm im Stift St. Florian<\/a><\/li>\r\n\r\n<li><a href=\"https:\/\/www.feuerwehr-florian.com\/?p=4412\">02.01.2011<\/a> | <a href=\"https:\/\/www.feuerwehr-florian.com\/?p=4412\">Wohnhausbrand in Taunleiten<\/a><\/li>\r\n\r\n<li><a href=\"https:\/\/www.feuerwehr-florian.com\/?p=4408\">01.01.2011<\/a> | <a href=\"https:\/\/www.feuerwehr-florian.com\/?p=4408\">Sicherungsma\u00dfnahmen nach Verkehrsunfall<\/a><\/li>\r\n<\/ul>\n\t<\/div><!--#w4pl-inner-813-->\n<\/div><!--#w4pl-813-->\n<!--END_W4PL_List_813-->\n\n\n<!-- Page-list plugin v.5.9 wordpress.org\/plugins\/page-list\/ -->\n<ul class=\"page-list siblings-page-list pagelist\">\n<li class=\"page_item page-item-11710\"><a href=\"https:\/\/www.feuerwehr-florian.com\/?page_id=11710\">Eingabe Hochwassermessung<\/a><\/li>\n<li class=\"page_item page-item-12060 page_item_has_children\"><a href=\"https:\/\/www.feuerwehr-florian.com\/?page_id=12060\">Veranstaltungen<\/a><\/li>\n<li class=\"page_item page-item-884 page_item_has_children\"><a href=\"https:\/\/www.feuerwehr-florian.com\/?page_id=884\">Aktivit\u00e4ten<\/a><\/li>\n<li class=\"page_item page-item-973\"><a href=\"https:\/\/www.feuerwehr-florian.com\/?page_id=973\">Kontakt &#038; Anfahrt<\/a><\/li>\n<li class=\"page_item page-item-886 page_item_has_children\"><a href=\"https:\/\/www.feuerwehr-florian.com\/?page_id=886\">Feuerwehr<\/a><\/li>\n<li class=\"page_item page-item-958\"><a href=\"https:\/\/www.feuerwehr-florian.com\/?page_id=958\">Impressum, Offenlegung &#038; Datenschutz<\/a><\/li>\n<li class=\"page_item page-item-888 page_item_has_children\"><a href=\"https:\/\/www.feuerwehr-florian.com\/?page_id=888\">Jugend<\/a><\/li>\n<li class=\"page_item page-item-971\"><a href=\"https:\/\/www.feuerwehr-florian.com\/?page_id=971\">Nutzungsbedingungen<\/a><\/li>\n<li class=\"page_item page-item-1019 page_item_has_children\"><a href=\"https:\/\/www.feuerwehr-florian.com\/?page_id=1019\">Wissenswertes<\/a><\/li>\n<li class=\"page_item page-item-9630\"><a href=\"https:\/\/www.feuerwehr-florian.com\/?page_id=9630\">Sponsoren<\/a><\/li>\n<li class=\"page_item page-item-3804\"><a href=\"https:\/\/www.feuerwehr-florian.com\/?page_id=3804\">Web<\/a><\/li>\n\n<\/ul>\n","protected":false},"excerpt":{"rendered":"<p>Am Vormittag des 1. J\u00e4nner 2011 wurde die FF St. Florian zu einem Verkehrsunfall zwischen zwei Fahrzeugen auf der Linzerstra\u00dfe H\u00f6he des Caritas Sparmarktes alarmiert.<\/p>\n","protected":false},"author":1,"featured_media":4002,"parent":12816,"menu_order":105,"comment_status":"closed","ping_status":"closed","template":"fullwidth.php","meta":{"footnotes":""},"class_list":["post-831","page","type-page","status-publish","has-post-thumbnail","hentry"],"jetpack_sharing_enabled":true,"jetpack_likes_enabled":true,"_links":{"self":[{"href":"https:\/\/www.feuerwehr-florian.com\/index.php?rest_route=\/wp\/v2\/pages\/831","targetHints":{"allow":["GET"]}}],"collection":[{"href":"https:\/\/www.feuerwehr-florian.com\/index.php?rest_route=\/wp\/v2\/pages"}],"about":[{"href":"https:\/\/www.feuerwehr-florian.com\/index.php?rest_route=\/wp\/v2\/types\/page"}],"author":[{"embeddable":true,"href":"https:\/\/www.feuerwehr-florian.com\/index.php?rest_route=\/wp\/v2\/users\/1"}],"replies":[{"embeddable":true,"href":"https:\/\/www.feuerwehr-florian.com\/index.php?rest_route=%2Fwp%2Fv2%2Fcomments&post=831"}],"version-history":[{"count":4,"href":"https:\/\/www.feuerwehr-florian.com\/index.php?rest_route=\/wp\/v2\/pages\/831\/revisions"}],"predecessor-version":[{"id":4168,"href":"https:\/\/www.feuerwehr-florian.com\/index.php?rest_route=\/wp\/v2\/pages\/831\/revisions\/4168"}],"up":[{"embeddable":true,"href":"https:\/\/www.feuerwehr-florian.com\/index.php?rest_route=\/wp\/v2\/pages\/12816"}],"wp:featuredmedia":[{"embeddable":true,"href":"https:\/\/www.feuerwehr-florian.com\/index.php?rest_route=\/wp\/v2\/media\/4002"}],"wp:attachment":[{"href":"https:\/\/www.feuerwehr-florian.com\/index.php?rest_route=%2Fwp%2Fv2%2Fmedia&parent=831"}],"curies":[{"name":"wp","href":"https:\/\/api.w.org\/{rel}","templated":true}]}}