{"id":884,"date":"2016-01-02T20:08:57","date_gmt":"2016-01-02T19:08:57","guid":{"rendered":"http:\/\/wp.feuerwehr-florian.com\/?page_id=884"},"modified":"2016-01-11T00:31:34","modified_gmt":"2016-01-10T23:31:34","slug":"aktivitaeten","status":"publish","type":"page","link":"https:\/\/www.feuerwehr-florian.com\/?page_id=884","title":{"rendered":"Aktivit\u00e4ten"},"content":{"rendered":"\n<!-- Page-list plugin v.5.9 wordpress.org\/plugins\/page-list\/ -->\n<div class=\"page-list page-list-ext page-list-cols-2\">\n<div class=\"page-list-ext-item\"><div class=\"page-list-ext-image\"><a href=\"https:\/\/www.feuerwehr-florian.com\/?page_id=3934\" title=\"Eins\u00e4tze\"><img decoding=\"async\" src=\"https:\/\/www.feuerwehr-florian.com\/wp-content\/uploads\/2016\/01\/20151124-3006-e1452287434523-250x250.jpg\" width=\"100\" alt=\"Eins\u00e4tze\" \/><\/a><\/div> <h3 class=\"page-list-ext-title\"><a href=\"https:\/\/www.feuerwehr-florian.com\/?page_id=3934\" title=\"Eins\u00e4tze\">Eins\u00e4tze<\/a><\/h3><div class=\"page-list-ext-item-content\">Die \u00dcbersicht aller Einsatzberichte finden Sie in dieser Rubrik.\r\n\r\n<\/div><\/div>\n<div class=\"page-list-ext-item\"><div class=\"page-list-ext-image\"><a href=\"https:\/\/www.feuerwehr-florian.com\/?page_id=1033\" title=\"\u00dcbungen &amp; Ausbildungen\"><img decoding=\"async\" src=\"https:\/\/www.feuerwehr-florian.com\/wp-content\/uploads\/2015\/12\/cropped-20151003-0111-1-250x250.jpg\" width=\"100\" alt=\"\u00dcbungen &amp; Ausbildungen\" \/><\/a><\/div> <h3 class=\"page-list-ext-title\"><a href=\"https:\/\/www.feuerwehr-florian.com\/?page_id=1033\" title=\"\u00dcbungen &amp; Ausbildungen\">\u00dcbungen &amp; Ausbildungen<\/a><\/h3><div class=\"page-list-ext-item-content\">Die \u00dcbersicht aller \u00dcbungs- sowie Ausbildungsberichte finden Sie in dieser Rubrik.\r\n\r\n\r\n\r\n<\/div><\/div>\n<div class=\"page-list-ext-item\"><div class=\"page-list-ext-image\"><a href=\"https:\/\/www.feuerwehr-florian.com\/?page_id=1035\" title=\"Allgemeine Berichte\"><img decoding=\"async\" src=\"https:\/\/www.feuerwehr-florian.com\/wp-content\/uploads\/2015\/12\/Veranstaltung-4-e1452287302874-250x250.jpg\" width=\"100\" alt=\"Allgemeine Berichte\" \/><\/a><\/div> <h3 class=\"page-list-ext-title\"><a href=\"https:\/\/www.feuerwehr-florian.com\/?page_id=1035\" title=\"Allgemeine Berichte\">Allgemeine Berichte<\/a><\/h3><div class=\"page-list-ext-item-content\">Die \u00dcbersicht aller Allgemeine Berichte finden Sie in dieser Rubrik.\r\n\r\n\r\n\r\n<\/div><\/div>\n<div class=\"page-list-ext-item\"><div class=\"page-list-ext-image\"><a href=\"https:\/\/www.feuerwehr-florian.com\/?page_id=12866\" title=\"Terminkalender\"><img decoding=\"async\" src=\"https:\/\/www.feuerwehr-florian.com\/wp-content\/uploads\/2026\/02\/Terminkalender-e1769901877873-250x250.jpg\" width=\"100\" alt=\"Terminkalender\" \/><\/a><\/div> <h3 class=\"page-list-ext-title\"><a href=\"https:\/\/www.feuerwehr-florian.com\/?page_id=12866\" title=\"Terminkalender\">Terminkalender<\/a><\/h3><div class=\"page-list-ext-item-content\">\nDer Termin- und \u00dcbungsplan der FF St. Florian \n\n\n\n \n\n\n\nSie k\u00f6nnen diesen Kalender auch selber einbinden, hier die iCal-Adresse des Kalenders: https:\/\/sybos.ooelfv.at\/sybServices\/webcal\/index.php?token=5ceeb0e3cba1f \n\n\n\nHier finden Sie eine Anleitung z...<\/div><\/div>\n\n<\/div>\n\n<!-- Page-list plugin v.5.9 wordpress.org\/plugins\/page-list\/ -->\n<!-- no pages to show -->\n\n<!-- Page-list plugin v.5.9 wordpress.org\/plugins\/page-list\/ -->\n<ul class=\"page-list siblings-page-list pagelist\">\n<li class=\"page_item page-item-11710\"><a href=\"https:\/\/www.feuerwehr-florian.com\/?page_id=11710\">Eingabe Hochwassermessung<\/a><\/li>\n<li class=\"page_item page-item-12060 page_item_has_children\"><a href=\"https:\/\/www.feuerwehr-florian.com\/?page_id=12060\">Veranstaltungen<\/a><\/li>\n<li class=\"page_item page-item-884 page_item_has_children\"><a href=\"https:\/\/www.feuerwehr-florian.com\/?page_id=884\">Aktivit\u00e4ten<\/a><\/li>\n<li class=\"page_item page-item-973\"><a href=\"https:\/\/www.feuerwehr-florian.com\/?page_id=973\">Kontakt &#038; Anfahrt<\/a><\/li>\n<li class=\"page_item page-item-886 page_item_has_children\"><a href=\"https:\/\/www.feuerwehr-florian.com\/?page_id=886\">Feuerwehr<\/a><\/li>\n<li class=\"page_item page-item-958\"><a href=\"https:\/\/www.feuerwehr-florian.com\/?page_id=958\">Impressum, Offenlegung &#038; Datenschutz<\/a><\/li>\n<li class=\"page_item page-item-888 page_item_has_children\"><a href=\"https:\/\/www.feuerwehr-florian.com\/?page_id=888\">Jugend<\/a><\/li>\n<li class=\"page_item page-item-971\"><a href=\"https:\/\/www.feuerwehr-florian.com\/?page_id=971\">Nutzungsbedingungen<\/a><\/li>\n<li class=\"page_item page-item-1019 page_item_has_children\"><a href=\"https:\/\/www.feuerwehr-florian.com\/?page_id=1019\">Wissenswertes<\/a><\/li>\n<li class=\"page_item page-item-9630\"><a href=\"https:\/\/www.feuerwehr-florian.com\/?page_id=9630\">Sponsoren<\/a><\/li>\n<li class=\"page_item page-item-3804\"><a href=\"https:\/\/www.feuerwehr-florian.com\/?page_id=3804\">Web<\/a><\/li>\n\n<\/ul>\n","protected":false},"excerpt":{"rendered":"<p>Eins\u00e4tze Die \u00dcbersicht aller Einsatzberichte finden Sie in dieser Rubrik. \u00dcbungen &amp; Ausbildungen Die \u00dcbersicht aller \u00dcbungs- sowie Ausbildungsberichte finden Sie in dieser Rubrik. Allgemeine Berichte Die \u00dcbersicht aller Allgemeine Berichte finden Sie in dieser Rubrik. Terminkalender Der Termin- und \u00dcbungsplan der FF St. Florian Sie k\u00f6nnen diesen Kalender auch selber einbinden, hier die iCal-Adresse<\/p>\n<p><a class=\"more-link\" href=\"https:\/\/www.feuerwehr-florian.com\/?page_id=884\">Weiterlesen<\/a><\/p>\n","protected":false},"author":1,"featured_media":0,"parent":0,"menu_order":1,"comment_status":"closed","ping_status":"closed","template":"fullwidth.php","meta":{"footnotes":""},"class_list":["post-884","page","type-page","status-publish","hentry"],"jetpack_sharing_enabled":true,"jetpack_likes_enabled":true,"_links":{"self":[{"href":"https:\/\/www.feuerwehr-florian.com\/index.php?rest_route=\/wp\/v2\/pages\/884","targetHints":{"allow":["GET"]}}],"collection":[{"href":"https:\/\/www.feuerwehr-florian.com\/index.php?rest_route=\/wp\/v2\/pages"}],"about":[{"href":"https:\/\/www.feuerwehr-florian.com\/index.php?rest_route=\/wp\/v2\/types\/page"}],"author":[{"embeddable":true,"href":"https:\/\/www.feuerwehr-florian.com\/index.php?rest_route=\/wp\/v2\/users\/1"}],"replies":[{"embeddable":true,"href":"https:\/\/www.feuerwehr-florian.com\/index.php?rest_route=%2Fwp%2Fv2%2Fcomments&post=884"}],"version-history":[{"count":8,"href":"https:\/\/www.feuerwehr-florian.com\/index.php?rest_route=\/wp\/v2\/pages\/884\/revisions"}],"predecessor-version":[{"id":4180,"href":"https:\/\/www.feuerwehr-florian.com\/index.php?rest_route=\/wp\/v2\/pages\/884\/revisions\/4180"}],"wp:attachment":[{"href":"https:\/\/www.feuerwehr-florian.com\/index.php?rest_route=%2Fwp%2Fv2%2Fmedia&parent=884"}],"curies":[{"name":"wp","href":"https:\/\/api.w.org\/{rel}","templated":true}]}}