{"id":8907,"date":"2021-01-07T18:46:20","date_gmt":"2021-01-07T17:46:20","guid":{"rendered":"https:\/\/www.feuerwehr-florian.com\/?page_id=8907"},"modified":"2021-01-07T19:14:43","modified_gmt":"2021-01-07T18:14:43","slug":"einsaetze-2021","status":"publish","type":"page","link":"https:\/\/www.feuerwehr-florian.com\/?page_id=8907","title":{"rendered":"Eins\u00e4tze 2021"},"content":{"rendered":"<p>Eine Auflistung aller Eins\u00e4tze aus dem Jahr 2021.<\/p>\n<!--W4PL_List_8918-->\n<div id=\"w4pl-list-8918\" class=\"w4pl\">\n\t<div id=\"w4pl-inner-8918\" class=\"w4pl-inner\">\n\t\t<ul>\r\n<li><a href=\"https:\/\/www.feuerwehr-florian.com\/?p=9424\">30.12.2021<\/a> | <a href=\"https:\/\/www.feuerwehr-florian.com\/?p=9424\">Wohnhausbrand Leopold-Kotzmannstra\u00dfe<\/a><\/li>\r\n\r\n<li><a href=\"https:\/\/www.feuerwehr-florian.com\/?p=9397\">26.12.2021<\/a> | <a href=\"https:\/\/www.feuerwehr-florian.com\/?p=9397\">Fahrzeugbrand auf der A1 Fahrtrichtung Wien<\/a><\/li>\r\n\r\n<li><a href=\"https:\/\/www.feuerwehr-florian.com\/?p=9359\">25.11.2021<\/a> | <a href=\"https:\/\/www.feuerwehr-florian.com\/?p=9359\">Brandmeldealarm in der Landwirtschaftsschule<\/a><\/li>\r\n\r\n<li><a href=\"https:\/\/www.feuerwehr-florian.com\/?p=9351\">24.11.2021<\/a> | <a href=\"https:\/\/www.feuerwehr-florian.com\/?p=9351\">Verkehrsunfall auf der Umfahrungsstra\u00dfe<\/a><\/li>\r\n\r\n<li><a href=\"https:\/\/www.feuerwehr-florian.com\/?p=9344\">14.11.2021<\/a> | <a href=\"https:\/\/www.feuerwehr-florian.com\/?p=9344\">Verkehrsunfall Kreuzung Enzing \/ Umfahrungsstra\u00dfe<\/a><\/li>\r\n\r\n<li><a href=\"https:\/\/www.feuerwehr-florian.com\/?p=9337\">14.11.2021<\/a> | <a href=\"https:\/\/www.feuerwehr-florian.com\/?p=9337\">Lkw verliert Maisladung auf einer L\u00e4nge von 12km<\/a><\/li>\r\n\r\n<li><a href=\"https:\/\/www.feuerwehr-florian.com\/?p=9324\">07.11.2021<\/a> | <a href=\"https:\/\/www.feuerwehr-florian.com\/?p=9324\">T\u00f6dlicher Verkehrsunfall auf der A1<\/a><\/li>\r\n\r\n<li><a href=\"https:\/\/www.feuerwehr-florian.com\/?p=9313\">14.10.2021<\/a> | <a href=\"https:\/\/www.feuerwehr-florian.com\/?p=9313\">Aufr\u00e4umarbeiten nach Verkehrsunfall bei der Kreuzung Umfahrungsstra\u00dfe\/Enzing<\/a><\/li>\r\n\r\n<li><a href=\"https:\/\/www.feuerwehr-florian.com\/?p=9311\">12.10.2021<\/a> | <a href=\"https:\/\/www.feuerwehr-florian.com\/?p=9311\">Verteilerbrand am Sportpark St. Florian<\/a><\/li>\r\n\r\n<li><a href=\"https:\/\/www.feuerwehr-florian.com\/?p=9279\">06.09.2021<\/a> | <a href=\"https:\/\/www.feuerwehr-florian.com\/?p=9279\">Dringende T\u00fcr\u00f6ffnung im Gemeindegebiet<\/a><\/li>\r\n\r\n<li><a href=\"https:\/\/www.feuerwehr-florian.com\/?p=9273\">06.09.2021<\/a> | <a href=\"https:\/\/www.feuerwehr-florian.com\/?p=9273\">Traktor \u00fcber B\u00f6schung gest\u00fcrzt<\/a><\/li>\r\n\r\n<li><a href=\"https:\/\/www.feuerwehr-florian.com\/?p=9268\">01.09.2021<\/a> | <a href=\"https:\/\/www.feuerwehr-florian.com\/?p=9268\">\u00d6lspur: Eisenstange durchbohrte Unterboden<\/a><\/li>\r\n\r\n<li><a href=\"https:\/\/www.feuerwehr-florian.com\/?p=9266\">01.09.2021<\/a> | <a href=\"https:\/\/www.feuerwehr-florian.com\/?p=9266\">Brandmeldealarm im Gewerbegebiet<\/a><\/li>\r\n\r\n<li><a href=\"https:\/\/www.feuerwehr-florian.com\/?p=9252\">27.08.2021<\/a> | <a href=\"https:\/\/www.feuerwehr-florian.com\/?p=9252\">Massenkarambolage auf der A1 &#8211; Fahrtrichtung Salzburg<\/a><\/li>\r\n\r\n<li><a href=\"https:\/\/www.feuerwehr-florian.com\/?p=9244\">26.08.2021<\/a> | <a href=\"https:\/\/www.feuerwehr-florian.com\/?p=9244\">Verkehrsunfall auf der A1 &#8211; Fahrtrichtung Wien<\/a><\/li>\r\n\r\n<li><a href=\"https:\/\/www.feuerwehr-florian.com\/?p=9216\">28.07.2021<\/a> | <a href=\"https:\/\/www.feuerwehr-florian.com\/?p=9216\">Neuerlicher Unwettereinsatz &#8211; B\u00e4ume drohen auf Stra\u00dfe zu st\u00fcrzen<\/a><\/li>\r\n\r\n<li><a href=\"https:\/\/www.feuerwehr-florian.com\/?p=9204\">28.07.2021<\/a> | <a href=\"https:\/\/www.feuerwehr-florian.com\/?p=9204\">Erneute Unwetter \u00fcber St. Florian fordern Florianer Einsatzkr\u00e4fte<\/a><\/li>\r\n\r\n<li><a href=\"https:\/\/www.feuerwehr-florian.com\/?p=9173\">26.07.2021<\/a> | <a href=\"https:\/\/www.feuerwehr-florian.com\/?p=9173\">Update: Unwettereins\u00e4tze im gesamten Gemeindegebiet von St. Florian<\/a><\/li>\r\n\r\n<li><a href=\"https:\/\/www.feuerwehr-florian.com\/?p=9159\">19.07.2021<\/a> | <a href=\"https:\/\/www.feuerwehr-florian.com\/?p=9159\">Brand in Kleingartensiedlung in Fernbach<\/a><\/li>\r\n\r\n<li><a href=\"https:\/\/www.feuerwehr-florian.com\/?p=9125\">18.07.2021<\/a> | <a href=\"https:\/\/www.feuerwehr-florian.com\/?p=9125\">Update: \u00dcberflutungen im Gemeindegebiet<\/a><\/li>\r\n\r\n<li><a href=\"https:\/\/www.feuerwehr-florian.com\/?p=9120\">11.07.2021<\/a> | <a href=\"https:\/\/www.feuerwehr-florian.com\/?p=9120\">PKW kracht in Verkaufsstand &#8211; Menschenrettung<\/a><\/li>\r\n\r\n<li><a href=\"https:\/\/www.feuerwehr-florian.com\/?p=9115\">08.07.2021<\/a> | <a href=\"https:\/\/www.feuerwehr-florian.com\/?p=9115\">Brandmeldealarm in der Westbahnstra\u00dfe<\/a><\/li>\r\n\r\n<li><a href=\"https:\/\/www.feuerwehr-florian.com\/?p=9107\">30.06.2021<\/a> | <a href=\"https:\/\/www.feuerwehr-florian.com\/?p=9107\">Mehrere Sturmeins\u00e4tze im Gemeindegebiet von St. Florian<\/a><\/li>\r\n\r\n<li><a href=\"https:\/\/www.feuerwehr-florian.com\/?p=9097\">26.06.2021<\/a> | <a href=\"https:\/\/www.feuerwehr-florian.com\/?p=9097\">Brandverdacht in der K\u00fcche des Stifts St. Florian<\/a><\/li>\r\n\r\n<li><a href=\"https:\/\/www.feuerwehr-florian.com\/?p=9091\">22.06.2021<\/a> | <a href=\"https:\/\/www.feuerwehr-florian.com\/?p=9091\">Sturmschaden in der Stiftsstra\u00dfe &#8211; Baum f\u00e4llt auf Fahrzeuge<\/a><\/li>\r\n\r\n<li><a href=\"https:\/\/www.feuerwehr-florian.com\/?p=9087\">21.06.2021<\/a> | <a href=\"https:\/\/www.feuerwehr-florian.com\/?p=9087\">LKW Brand auf der A1 Fahrtrichtung Wien<\/a><\/li>\r\n\r\n<li><a href=\"https:\/\/www.feuerwehr-florian.com\/?p=9079\">16.06.2021<\/a> | <a href=\"https:\/\/www.feuerwehr-florian.com\/?p=9079\">Personenrettung: Person unter Traktor eingeklemmt<\/a><\/li>\r\n\r\n<li><a href=\"https:\/\/www.feuerwehr-florian.com\/?p=9072\">15.06.2021<\/a> | <a href=\"https:\/\/www.feuerwehr-florian.com\/?p=9072\">Brandmeldealarm entpuppt sich als Brand eines Mistk\u00fcbels<\/a><\/li>\r\n\r\n<li><a href=\"https:\/\/www.feuerwehr-florian.com\/?p=9063\">09.06.2021<\/a> | <a href=\"https:\/\/www.feuerwehr-florian.com\/?p=9063\">Aufr\u00e4umarbeiten nach Motorradunfall auf der Wolferner Landesstra\u00dfe<\/a><\/li>\r\n\r\n<li><a href=\"https:\/\/www.feuerwehr-florian.com\/?p=9021\">22.05.2021<\/a> | <a href=\"https:\/\/www.feuerwehr-florian.com\/?p=9021\">Technischer Einsatz: Verstopfter Kanal bei der Johanneskirche<\/a><\/li>\r\n\r\n<li><a href=\"https:\/\/www.feuerwehr-florian.com\/?p=9004\">18.05.2021<\/a> | <a href=\"https:\/\/www.feuerwehr-florian.com\/?p=9004\">Massenkarambolage auf der A1 Fahrtrichtung Salzburg<\/a><\/li>\r\n\r\n<li><a href=\"https:\/\/www.feuerwehr-florian.com\/?p=8991\">10.05.2021<\/a> | <a href=\"https:\/\/www.feuerwehr-florian.com\/?p=8991\">Verkehrsunfall: Auto landet im Stra\u00dfengraben<\/a><\/li>\r\n\r\n<li><a href=\"https:\/\/www.feuerwehr-florian.com\/?p=8983\">29.04.2021<\/a> | <a href=\"https:\/\/www.feuerwehr-florian.com\/?p=8983\">Brandgeruch in Schlangenterrarium<\/a><\/li>\r\n\r\n<li><a href=\"https:\/\/www.feuerwehr-florian.com\/?p=8977\">27.04.2021<\/a> | <a href=\"https:\/\/www.feuerwehr-florian.com\/?p=8977\">T\u00e4uschungsalarm im Astenfeld<\/a><\/li>\r\n\r\n<li><a href=\"https:\/\/www.feuerwehr-florian.com\/?p=8965\">02.04.2021<\/a> | <a href=\"https:\/\/www.feuerwehr-florian.com\/?p=8965\">Verkehrsunfall auf der Wolferner Landesstra\u00dfe<\/a><\/li>\r\n\r\n<li><a href=\"https:\/\/www.feuerwehr-florian.com\/?p=8961\">21.03.2021<\/a> | <a href=\"https:\/\/www.feuerwehr-florian.com\/?p=8961\">Angebrannte Speisen im Bezirksaltenheim<\/a><\/li>\r\n\r\n<li><a href=\"https:\/\/www.feuerwehr-florian.com\/?p=8952\">27.02.2021<\/a> | <a href=\"https:\/\/www.feuerwehr-florian.com\/?p=8952\">Brandmeldealarm entpuppt sich als Kleinbrand im Astenfeld<\/a><\/li>\r\n\r\n<li><a href=\"https:\/\/www.feuerwehr-florian.com\/?p=8941\">30.01.2021<\/a> | <a href=\"https:\/\/www.feuerwehr-florian.com\/?p=8941\">Sturmschaden in Hohenbrunn<\/a><\/li>\r\n\r\n<li><a href=\"https:\/\/www.feuerwehr-florian.com\/?p=8932\">29.01.2021<\/a> | <a href=\"https:\/\/www.feuerwehr-florian.com\/?p=8932\">Fahrzeugbrand auf der A1 Fahrtrichtung Wien<\/a><\/li>\r\n\r\n<li><a href=\"https:\/\/www.feuerwehr-florian.com\/?p=8927\">13.01.2021<\/a> | <a href=\"https:\/\/www.feuerwehr-florian.com\/?p=8927\">Winterliche Fahrverh\u00e4ltnisse: Doppelte Fahrzeugbergung<\/a><\/li>\r\n\r\n<li><a href=\"https:\/\/www.feuerwehr-florian.com\/?p=8922\">10.01.2021<\/a> | <a href=\"https:\/\/www.feuerwehr-florian.com\/?p=8922\">Verkehrsunfall auf der B1<\/a><\/li>\r\n\r\n<li><a href=\"https:\/\/www.feuerwehr-florian.com\/?p=8902\">07.01.2021<\/a> | <a href=\"https:\/\/www.feuerwehr-florian.com\/?p=8902\">Keller unter Wasser in Taunleiten<\/a><\/li>\r\n\r\n<li><a href=\"https:\/\/www.feuerwehr-florian.com\/?p=8889\">01.01.2021<\/a> | <a href=\"https:\/\/www.feuerwehr-florian.com\/?p=8889\">Verkehrsunfall mit anschlie\u00dfender Suchaktion<\/a><\/li>\r\n<\/ul>\n\t<\/div><!--#w4pl-inner-8918-->\n<\/div><!--#w4pl-8918-->\n<!--END_W4PL_List_8918-->\n\n\n<!-- Page-list plugin v.5.9 wordpress.org\/plugins\/page-list\/ -->\n<ul class=\"page-list siblings-page-list pagelist\">\n<li class=\"page_item page-item-11710\"><a href=\"https:\/\/www.feuerwehr-florian.com\/?page_id=11710\">Eingabe Hochwassermessung<\/a><\/li>\n<li class=\"page_item page-item-12060 page_item_has_children\"><a href=\"https:\/\/www.feuerwehr-florian.com\/?page_id=12060\">Veranstaltungen<\/a><\/li>\n<li class=\"page_item page-item-884 page_item_has_children\"><a href=\"https:\/\/www.feuerwehr-florian.com\/?page_id=884\">Aktivit\u00e4ten<\/a><\/li>\n<li class=\"page_item page-item-973\"><a href=\"https:\/\/www.feuerwehr-florian.com\/?page_id=973\">Kontakt &#038; Anfahrt<\/a><\/li>\n<li class=\"page_item page-item-886 page_item_has_children\"><a href=\"https:\/\/www.feuerwehr-florian.com\/?page_id=886\">Feuerwehr<\/a><\/li>\n<li class=\"page_item page-item-958\"><a href=\"https:\/\/www.feuerwehr-florian.com\/?page_id=958\">Impressum, Offenlegung &#038; Datenschutz<\/a><\/li>\n<li class=\"page_item page-item-888 page_item_has_children\"><a href=\"https:\/\/www.feuerwehr-florian.com\/?page_id=888\">Jugend<\/a><\/li>\n<li class=\"page_item page-item-971\"><a href=\"https:\/\/www.feuerwehr-florian.com\/?page_id=971\">Nutzungsbedingungen<\/a><\/li>\n<li class=\"page_item page-item-1019 page_item_has_children\"><a href=\"https:\/\/www.feuerwehr-florian.com\/?page_id=1019\">Wissenswertes<\/a><\/li>\n<li class=\"page_item page-item-9630\"><a href=\"https:\/\/www.feuerwehr-florian.com\/?page_id=9630\">Sponsoren<\/a><\/li>\n<li class=\"page_item page-item-3804\"><a href=\"https:\/\/www.feuerwehr-florian.com\/?page_id=3804\">Web<\/a><\/li>\n\n<\/ul>\n","protected":false},"excerpt":{"rendered":"<p>Am Abend des Neujahrstages wurde die FF St. Florian um 19:15 Uhr telefonisch von der Landeswarnzentrale zu Aufr\u00e4umarbeiten nach einem Verkehrsunfall alarmiert. Da der Lenker nicht am Unfallort war, wurde die Suchaktion der Polizei von der Feuerwehr unterst\u00fctzt.<\/p>\n","protected":false},"author":2,"featured_media":8871,"parent":3934,"menu_order":95,"comment_status":"closed","ping_status":"closed","template":"fullwidth.php","meta":{"footnotes":""},"class_list":["post-8907","page","type-page","status-publish","has-post-thumbnail","hentry"],"jetpack_sharing_enabled":true,"jetpack_likes_enabled":true,"_links":{"self":[{"href":"https:\/\/www.feuerwehr-florian.com\/index.php?rest_route=\/wp\/v2\/pages\/8907","targetHints":{"allow":["GET"]}}],"collection":[{"href":"https:\/\/www.feuerwehr-florian.com\/index.php?rest_route=\/wp\/v2\/pages"}],"about":[{"href":"https:\/\/www.feuerwehr-florian.com\/index.php?rest_route=\/wp\/v2\/types\/page"}],"author":[{"embeddable":true,"href":"https:\/\/www.feuerwehr-florian.com\/index.php?rest_route=\/wp\/v2\/users\/2"}],"replies":[{"embeddable":true,"href":"https:\/\/www.feuerwehr-florian.com\/index.php?rest_route=%2Fwp%2Fv2%2Fcomments&post=8907"}],"version-history":[{"count":7,"href":"https:\/\/www.feuerwehr-florian.com\/index.php?rest_route=\/wp\/v2\/pages\/8907\/revisions"}],"predecessor-version":[{"id":8921,"href":"https:\/\/www.feuerwehr-florian.com\/index.php?rest_route=\/wp\/v2\/pages\/8907\/revisions\/8921"}],"up":[{"embeddable":true,"href":"https:\/\/www.feuerwehr-florian.com\/index.php?rest_route=\/wp\/v2\/pages\/3934"}],"wp:featuredmedia":[{"embeddable":true,"href":"https:\/\/www.feuerwehr-florian.com\/index.php?rest_route=\/wp\/v2\/media\/8871"}],"wp:attachment":[{"href":"https:\/\/www.feuerwehr-florian.com\/index.php?rest_route=%2Fwp%2Fv2%2Fmedia&parent=8907"}],"curies":[{"name":"wp","href":"https:\/\/api.w.org\/{rel}","templated":true}]}}