{"id":9465,"date":"2022-01-12T19:23:49","date_gmt":"2022-01-12T18:23:49","guid":{"rendered":"https:\/\/www.feuerwehr-florian.com\/?page_id=9465"},"modified":"2022-12-27T07:13:17","modified_gmt":"2022-12-27T06:13:17","slug":"einsaetze-2022","status":"publish","type":"page","link":"https:\/\/www.feuerwehr-florian.com\/?page_id=9465","title":{"rendered":"Eins\u00e4tze 2022"},"content":{"rendered":"<p>Eine Auflistung aller Eins\u00e4tze aus dem Jahr 2022.<\/p>\n<!--W4PL_List_9475-->\n<div id=\"w4pl-list-9475\" class=\"w4pl\">\n\t<div id=\"w4pl-inner-9475\" class=\"w4pl-inner\">\n\t\t<ul>\r\n<li><a href=\"https:\/\/www.feuerwehr-florian.com\/?p=10382\">27.12.2022<\/a> | <a href=\"https:\/\/www.feuerwehr-florian.com\/?p=10382\">Fahrzeugbergung in Mickstetten<\/a><\/li>\r\n\r\n<li><a href=\"https:\/\/www.feuerwehr-florian.com\/?p=10377\">26.12.2022<\/a> | <a href=\"https:\/\/www.feuerwehr-florian.com\/?p=10377\">T\u00fcr\u00f6ffnung bei \u00f6ffentlicher WC-Anlage<\/a><\/li>\r\n\r\n<li><a href=\"https:\/\/www.feuerwehr-florian.com\/?p=10370\">26.12.2022<\/a> | <a href=\"https:\/\/www.feuerwehr-florian.com\/?p=10370\">Katze von Baum gerettet<\/a><\/li>\r\n\r\n<li><a href=\"https:\/\/www.feuerwehr-florian.com\/?p=10364\">21.12.2022<\/a> | <a href=\"https:\/\/www.feuerwehr-florian.com\/?p=10364\">vermeintlicher Brandeinsatz bei Sendeanlage<\/a><\/li>\r\n\r\n<li><a href=\"https:\/\/www.feuerwehr-florian.com\/?p=10350\">11.12.2022<\/a> | <a href=\"https:\/\/www.feuerwehr-florian.com\/?p=10350\">Fahrzeugbergung auf der Wolferner Landesstra\u00dfe<\/a><\/li>\r\n\r\n<li><a href=\"https:\/\/www.feuerwehr-florian.com\/?p=10330\">21.11.2022<\/a> | <a href=\"https:\/\/www.feuerwehr-florian.com\/?p=10330\">Wasserschaden in der Badstra\u00dfe<\/a><\/li>\r\n\r\n<li><a href=\"https:\/\/www.feuerwehr-florian.com\/?p=10323\">21.11.2022<\/a> | <a href=\"https:\/\/www.feuerwehr-florian.com\/?p=10323\">LKW-Bergung<\/a><\/li>\r\n\r\n<li><a href=\"https:\/\/www.feuerwehr-florian.com\/?p=10319\">21.11.2022<\/a> | <a href=\"https:\/\/www.feuerwehr-florian.com\/?p=10319\">vermeintlich dringende Lift\u00f6ffnung<\/a><\/li>\r\n\r\n<li><a href=\"https:\/\/www.feuerwehr-florian.com\/?p=10315\">19.11.2022<\/a> | <a href=\"https:\/\/www.feuerwehr-florian.com\/?p=10315\">Fahrzeugbergung im Forstholz<\/a><\/li>\r\n\r\n<li><a href=\"https:\/\/www.feuerwehr-florian.com\/?p=10305\">19.11.2022<\/a> | <a href=\"https:\/\/www.feuerwehr-florian.com\/?p=10305\">Baum st\u00fcrzte auf Landesstra\u00dfe<\/a><\/li>\r\n\r\n<li><a href=\"https:\/\/www.feuerwehr-florian.com\/?p=10250\">05.10.2022<\/a> | <a href=\"https:\/\/www.feuerwehr-florian.com\/?p=10250\">Brandmeldealarm in Samesleiten<\/a><\/li>\r\n\r\n<li><a href=\"https:\/\/www.feuerwehr-florian.com\/?p=10239\">03.10.2022<\/a> | <a href=\"https:\/\/www.feuerwehr-florian.com\/?p=10239\">Schwerer Verkehrsunfall mit zwei eingeklemmten Personen<\/a><\/li>\r\n\r\n<li><a href=\"https:\/\/www.feuerwehr-florian.com\/?p=10229\">30.09.2022<\/a> | <a href=\"https:\/\/www.feuerwehr-florian.com\/?p=10229\">\u00d6lspur im Gemeindegebiet<\/a><\/li>\r\n\r\n<li><a href=\"https:\/\/www.feuerwehr-florian.com\/?p=10073\">15.09.2022<\/a> | <a href=\"https:\/\/www.feuerwehr-florian.com\/?p=10073\">Erneuter Brandmeldealarm im Gewerbegebiet<\/a><\/li>\r\n\r\n<li><a href=\"https:\/\/www.feuerwehr-florian.com\/?p=10068\">14.09.2022<\/a> | <a href=\"https:\/\/www.feuerwehr-florian.com\/?p=10068\">Zweiter Einsatz an diesem Tag: Brandmeldealarm im Gewerbegebiet<\/a><\/li>\r\n\r\n<li><a href=\"https:\/\/www.feuerwehr-florian.com\/?p=10061\">14.09.2022<\/a> | <a href=\"https:\/\/www.feuerwehr-florian.com\/?p=10061\">Verkehrsunfall auf der A1 Fahrtrichtung Salzburg<\/a><\/li>\r\n\r\n<li><a href=\"https:\/\/www.feuerwehr-florian.com\/?p=10057\">09.09.2022<\/a> | <a href=\"https:\/\/www.feuerwehr-florian.com\/?p=10057\">Eingeschlossene Person in Aufzug<\/a><\/li>\r\n\r\n<li><a href=\"https:\/\/www.feuerwehr-florian.com\/?p=10052\">09.09.2022<\/a> | <a href=\"https:\/\/www.feuerwehr-florian.com\/?p=10052\">\u00d6lspur im Gemeindegebiet<\/a><\/li>\r\n\r\n<li><a href=\"https:\/\/www.feuerwehr-florian.com\/?p=9997\">28.08.2022<\/a> | <a href=\"https:\/\/www.feuerwehr-florian.com\/?p=9997\">\u00dcberflutung am Ipfbach<\/a><\/li>\r\n\r\n<li><a href=\"https:\/\/www.feuerwehr-florian.com\/?p=9983\">23.08.2022<\/a> | <a href=\"https:\/\/www.feuerwehr-florian.com\/?p=9983\">LKW Unfall auf der A1 Fahrtrichtung Wien<\/a><\/li>\r\n\r\n<li><a href=\"https:\/\/www.feuerwehr-florian.com\/?p=9981\">23.08.2022<\/a> | <a href=\"https:\/\/www.feuerwehr-florian.com\/?p=9981\">Brandmeldealarm im Pummerinfeld<\/a><\/li>\r\n\r\n<li><a href=\"https:\/\/www.feuerwehr-florian.com\/?p=9979\">21.08.2022<\/a> | <a href=\"https:\/\/www.feuerwehr-florian.com\/?p=9979\">Brandmeldealarm in Samesleiten<\/a><\/li>\r\n\r\n<li><a href=\"https:\/\/www.feuerwehr-florian.com\/?p=9975\">30.07.2022<\/a> | <a href=\"https:\/\/www.feuerwehr-florian.com\/?p=9975\">Wasserschaden im Stift St. Florian<\/a><\/li>\r\n\r\n<li><a href=\"https:\/\/www.feuerwehr-florian.com\/?p=9945\">09.07.2022<\/a> | <a href=\"https:\/\/www.feuerwehr-florian.com\/?p=9945\">2x Brandmeldealarm an einem Tag<\/a><\/li>\r\n\r\n<li><a href=\"https:\/\/www.feuerwehr-florian.com\/?p=9917\">27.06.2022<\/a> | <a href=\"https:\/\/www.feuerwehr-florian.com\/?p=9917\">Mehrere Sturmeins\u00e4tze im Gemeindegebiet<\/a><\/li>\r\n\r\n<li><a href=\"https:\/\/www.feuerwehr-florian.com\/?p=9903\">16.06.2022<\/a> | <a href=\"https:\/\/www.feuerwehr-florian.com\/?p=9903\">hei\u00dfe Kohle in Wiese f\u00fchrte zu Einsatz<\/a><\/li>\r\n\r\n<li><a href=\"https:\/\/www.feuerwehr-florian.com\/?p=9896\">14.06.2022<\/a> | <a href=\"https:\/\/www.feuerwehr-florian.com\/?p=9896\">Brandmeldealarm im Ortszentrum<\/a><\/li>\r\n\r\n<li><a href=\"https:\/\/www.feuerwehr-florian.com\/?p=9892\">11.06.2022<\/a> | <a href=\"https:\/\/www.feuerwehr-florian.com\/?p=9892\">Tierrettung<\/a><\/li>\r\n\r\n<li><a href=\"https:\/\/www.feuerwehr-florian.com\/?p=9880\">07.06.2022<\/a> | <a href=\"https:\/\/www.feuerwehr-florian.com\/?p=9880\">\u00d6lspur im Gemeindegebiet<\/a><\/li>\r\n\r\n<li><a href=\"https:\/\/www.feuerwehr-florian.com\/?p=9874\">05.06.2022<\/a> | <a href=\"https:\/\/www.feuerwehr-florian.com\/?p=9874\">Sturmsch\u00e4den im Gemeindegebiet<\/a><\/li>\r\n\r\n<li><a href=\"https:\/\/www.feuerwehr-florian.com\/?p=9872\">05.06.2022<\/a> | <a href=\"https:\/\/www.feuerwehr-florian.com\/?p=9872\">Fahrzeugbrand auf der A1 Fahrtrichtung Salzburg<\/a><\/li>\r\n\r\n<li><a href=\"https:\/\/www.feuerwehr-florian.com\/?p=9870\">05.06.2022<\/a> | <a href=\"https:\/\/www.feuerwehr-florian.com\/?p=9870\">Wasserschaden in der Ziegeleistra\u00dfe<\/a><\/li>\r\n\r\n<li><a href=\"https:\/\/www.feuerwehr-florian.com\/?p=9846\">28.05.2022<\/a> | <a href=\"https:\/\/www.feuerwehr-florian.com\/?p=9846\">Vermeintlicher Fahrzeugbrand in der Thannstra\u00dfe<\/a><\/li>\r\n\r\n<li><a href=\"https:\/\/www.feuerwehr-florian.com\/?p=9826\">10.05.2022<\/a> | <a href=\"https:\/\/www.feuerwehr-florian.com\/?p=9826\">T\u00fcr\u00f6ffnung in der Linzerstra\u00dfe<\/a><\/li>\r\n\r\n<li><a href=\"https:\/\/www.feuerwehr-florian.com\/?p=9722\">24.04.2022<\/a> | <a href=\"https:\/\/www.feuerwehr-florian.com\/?p=9722\">Eingeschlossene Person in Lift<\/a><\/li>\r\n\r\n<li><a href=\"https:\/\/www.feuerwehr-florian.com\/?p=9711\">22.04.2022<\/a> | <a href=\"https:\/\/www.feuerwehr-florian.com\/?p=9711\">Fahrzeugbrand auf der A1<\/a><\/li>\r\n\r\n<li><a href=\"https:\/\/www.feuerwehr-florian.com\/?p=9592\">16.04.2022<\/a> | <a href=\"https:\/\/www.feuerwehr-florian.com\/?p=9592\">Wohnhausbrand am Ipfbach &#8211; Familie konnte sich in letzter Sekunde retten<\/a><\/li>\r\n\r\n<li><a href=\"https:\/\/www.feuerwehr-florian.com\/?p=9584\">15.04.2022<\/a> | <a href=\"https:\/\/www.feuerwehr-florian.com\/?p=9584\">Heckenbrand in Mickstetten<\/a><\/li>\r\n\r\n<li><a href=\"https:\/\/www.feuerwehr-florian.com\/?p=9565\">10.04.2022<\/a> | <a href=\"https:\/\/www.feuerwehr-florian.com\/?p=9565\">Gro\u00dfbrand in Enns fordert Einsatzkr\u00e4fte<\/a><\/li>\r\n\r\n<li><a href=\"https:\/\/www.feuerwehr-florian.com\/?p=9561\">27.03.2022<\/a> | <a href=\"https:\/\/www.feuerwehr-florian.com\/?p=9561\">B\u00f6schungsbrand in \u00d6lkam<\/a><\/li>\r\n\r\n<li><a href=\"https:\/\/www.feuerwehr-florian.com\/?p=9545\">19.03.2022<\/a> | <a href=\"https:\/\/www.feuerwehr-florian.com\/?p=9545\">Mithilfe beim Abtransport der Spendensammlung f\u00fcr die Ukraine<\/a><\/li>\r\n\r\n<li><a href=\"https:\/\/www.feuerwehr-florian.com\/?p=9527\">19.02.2022<\/a> | <a href=\"https:\/\/www.feuerwehr-florian.com\/?p=9527\">Sturmschaden Thannstra\u00dfe Richtung Hofkirchen<\/a><\/li>\r\n\r\n<li><a href=\"https:\/\/www.feuerwehr-florian.com\/?p=9525\">19.02.2022<\/a> | <a href=\"https:\/\/www.feuerwehr-florian.com\/?p=9525\">Dringende T\u00fcr\u00f6ffnung in der Wienerstra\u00dfe<\/a><\/li>\r\n\r\n<li><a href=\"https:\/\/www.feuerwehr-florian.com\/?p=9519\">17.02.2022<\/a> | <a href=\"https:\/\/www.feuerwehr-florian.com\/?p=9519\">Sturmsch\u00e4den im Gemeindegebiet<\/a><\/li>\r\n\r\n<li><a href=\"https:\/\/www.feuerwehr-florian.com\/?p=9512\">16.02.2022<\/a> | <a href=\"https:\/\/www.feuerwehr-florian.com\/?p=9512\">Aufr\u00e4umarbeiten nach VU mit sechs PKW<\/a><\/li>\r\n\r\n<li><a href=\"https:\/\/www.feuerwehr-florian.com\/?p=9506\">11.02.2022<\/a> | <a href=\"https:\/\/www.feuerwehr-florian.com\/?p=9506\">Brandmeldealarm &#8211; Rauchentwicklung in Technikraum<\/a><\/li>\r\n\r\n<li><a href=\"https:\/\/www.feuerwehr-florian.com\/?p=9500\">30.01.2022<\/a> | <a href=\"https:\/\/www.feuerwehr-florian.com\/?p=9500\">Sturmsch\u00e4den im Gemeindegebiet<\/a><\/li>\r\n\r\n<li><a href=\"https:\/\/www.feuerwehr-florian.com\/?p=9495\">29.01.2022<\/a> | <a href=\"https:\/\/www.feuerwehr-florian.com\/?p=9495\">Brandmeldealarm im Astenfeld<\/a><\/li>\r\n\r\n<li><a href=\"https:\/\/www.feuerwehr-florian.com\/?p=9486\">21.01.2022<\/a> | <a href=\"https:\/\/www.feuerwehr-florian.com\/?p=9486\">Verkehrsunfall auf der A1 Fahrtrichtung Salzburg<\/a><\/li>\r\n\r\n<li><a href=\"https:\/\/www.feuerwehr-florian.com\/?p=9479\">21.01.2022<\/a> | <a href=\"https:\/\/www.feuerwehr-florian.com\/?p=9479\">LKW-Reifen mit Feuerl\u00f6scher von naheliegender Tankstelle gel\u00f6scht<\/a><\/li>\r\n\r\n<li><a href=\"https:\/\/www.feuerwehr-florian.com\/?p=9463\">09.01.2022<\/a> | <a href=\"https:\/\/www.feuerwehr-florian.com\/?p=9463\">Brandmeldealarm im Schloss Tillysburg<\/a><\/li>\r\n\r\n<li><a href=\"https:\/\/www.feuerwehr-florian.com\/?p=9459\">05.01.2022<\/a> | <a href=\"https:\/\/www.feuerwehr-florian.com\/?p=9459\">Brandmeldealarm Schloss Tillysburg<\/a><\/li>\r\n\r\n<li><a href=\"https:\/\/www.feuerwehr-florian.com\/?p=9452\">04.01.2022<\/a> | <a href=\"https:\/\/www.feuerwehr-florian.com\/?p=9452\">\u00d6laustritt auf Betriebsgel\u00e4nde<\/a><\/li>\r\n\r\n<li><a href=\"https:\/\/www.feuerwehr-florian.com\/?p=9450\">04.01.2022<\/a> | <a href=\"https:\/\/www.feuerwehr-florian.com\/?p=9450\">Erneuter Brandmeldealarm Westbahnstra\u00dfe<\/a><\/li>\r\n\r\n<li><a href=\"https:\/\/www.feuerwehr-florian.com\/?p=9448\">03.01.2022<\/a> | <a href=\"https:\/\/www.feuerwehr-florian.com\/?p=9448\">Brandmeldealarm Westbahnstra\u00dfe<\/a><\/li>\r\n\r\n<li><a href=\"https:\/\/www.feuerwehr-florian.com\/?p=9445\">02.01.2022<\/a> | <a href=\"https:\/\/www.feuerwehr-florian.com\/?p=9445\">Brandmeldealarm Schloss Tillysburg<\/a><\/li>\r\n\r\n<li><a href=\"https:\/\/www.feuerwehr-florian.com\/?p=9442\">02.01.2022<\/a> | <a href=\"https:\/\/www.feuerwehr-florian.com\/?p=9442\">\u00d6laustritt Holzladekran<\/a><\/li>\r\n<\/ul>\n\t<\/div><!--#w4pl-inner-9475-->\n<\/div><!--#w4pl-9475-->\n<!--END_W4PL_List_9475-->\n\n\n<!-- Page-list plugin v.5.9 wordpress.org\/plugins\/page-list\/ -->\n<ul class=\"page-list siblings-page-list pagelist\">\n<li class=\"page_item page-item-11710\"><a href=\"https:\/\/www.feuerwehr-florian.com\/?page_id=11710\">Eingabe Hochwassermessung<\/a><\/li>\n<li class=\"page_item page-item-12060 page_item_has_children\"><a href=\"https:\/\/www.feuerwehr-florian.com\/?page_id=12060\">Veranstaltungen<\/a><\/li>\n<li class=\"page_item page-item-884 page_item_has_children\"><a href=\"https:\/\/www.feuerwehr-florian.com\/?page_id=884\">Aktivit\u00e4ten<\/a><\/li>\n<li class=\"page_item page-item-973\"><a href=\"https:\/\/www.feuerwehr-florian.com\/?page_id=973\">Kontakt &#038; Anfahrt<\/a><\/li>\n<li class=\"page_item page-item-886 page_item_has_children\"><a href=\"https:\/\/www.feuerwehr-florian.com\/?page_id=886\">Feuerwehr<\/a><\/li>\n<li class=\"page_item page-item-958\"><a href=\"https:\/\/www.feuerwehr-florian.com\/?page_id=958\">Impressum, Offenlegung &#038; Datenschutz<\/a><\/li>\n<li class=\"page_item page-item-888 page_item_has_children\"><a href=\"https:\/\/www.feuerwehr-florian.com\/?page_id=888\">Jugend<\/a><\/li>\n<li class=\"page_item page-item-971\"><a href=\"https:\/\/www.feuerwehr-florian.com\/?page_id=971\">Nutzungsbedingungen<\/a><\/li>\n<li class=\"page_item page-item-1019 page_item_has_children\"><a href=\"https:\/\/www.feuerwehr-florian.com\/?page_id=1019\">Wissenswertes<\/a><\/li>\n<li class=\"page_item page-item-9630\"><a href=\"https:\/\/www.feuerwehr-florian.com\/?page_id=9630\">Sponsoren<\/a><\/li>\n<li class=\"page_item page-item-3804\"><a href=\"https:\/\/www.feuerwehr-florian.com\/?page_id=3804\">Web<\/a><\/li>\n\n<\/ul>\n","protected":false},"excerpt":{"rendered":"<p>Am 31. Dezember um 15:09 Uhr wurde die FF St. Florian nach schon zuvor einsatzreichen Tagen zu einem \u00d6laustritt gerufen. Bei einem Holzladekran waren in etwa 150 Liter Hydraulik\u00f6l ausgetreten.<\/p>\n","protected":false},"author":2,"featured_media":9403,"parent":3934,"menu_order":94,"comment_status":"closed","ping_status":"closed","template":"fullwidth.php","meta":{"footnotes":""},"class_list":["post-9465","page","type-page","status-publish","has-post-thumbnail","hentry"],"jetpack_sharing_enabled":true,"jetpack_likes_enabled":true,"_links":{"self":[{"href":"https:\/\/www.feuerwehr-florian.com\/index.php?rest_route=\/wp\/v2\/pages\/9465","targetHints":{"allow":["GET"]}}],"collection":[{"href":"https:\/\/www.feuerwehr-florian.com\/index.php?rest_route=\/wp\/v2\/pages"}],"about":[{"href":"https:\/\/www.feuerwehr-florian.com\/index.php?rest_route=\/wp\/v2\/types\/page"}],"author":[{"embeddable":true,"href":"https:\/\/www.feuerwehr-florian.com\/index.php?rest_route=\/wp\/v2\/users\/2"}],"replies":[{"embeddable":true,"href":"https:\/\/www.feuerwehr-florian.com\/index.php?rest_route=%2Fwp%2Fv2%2Fcomments&post=9465"}],"version-history":[{"count":4,"href":"https:\/\/www.feuerwehr-florian.com\/index.php?rest_route=\/wp\/v2\/pages\/9465\/revisions"}],"predecessor-version":[{"id":9476,"href":"https:\/\/www.feuerwehr-florian.com\/index.php?rest_route=\/wp\/v2\/pages\/9465\/revisions\/9476"}],"up":[{"embeddable":true,"href":"https:\/\/www.feuerwehr-florian.com\/index.php?rest_route=\/wp\/v2\/pages\/3934"}],"wp:featuredmedia":[{"embeddable":true,"href":"https:\/\/www.feuerwehr-florian.com\/index.php?rest_route=\/wp\/v2\/media\/9403"}],"wp:attachment":[{"href":"https:\/\/www.feuerwehr-florian.com\/index.php?rest_route=%2Fwp%2Fv2%2Fmedia&parent=9465"}],"curies":[{"name":"wp","href":"https:\/\/api.w.org\/{rel}","templated":true}]}}